{"id":26628,"date":"2022-02-04T10:14:08","date_gmt":"2022-02-04T16:14:08","guid":{"rendered":"https:\/\/cpt.org\/sembrando-solidaridad-comunidades-enraizadas-en-la-paz-la-justicia-y-el-amor"},"modified":"2022-03-17T06:40:53","modified_gmt":"2022-03-17T11:40:53","slug":"pascua","status":"publish","type":"page","link":"https:\/\/cpt.org\/es\/pascua","title":{"rendered":"Sembrando solidaridad : Comunidades enraizadas en la paz, la justicia, y el amor"},"content":{"rendered":"\t\t<div data-elementor-type=\"wp-page\" data-elementor-id=\"26628\" class=\"elementor elementor-26628 elementor-26598\" data-elementor-post-type=\"page\">\n\t\t\t\t\t\t<section class=\"elementor-section elementor-top-section elementor-element elementor-element-df32206 elementor-section-boxed elementor-section-height-default elementor-section-height-default\" data-id=\"df32206\" data-element_type=\"section\" data-e-type=\"section\">\n\t\t\t\t\t\t<div class=\"elementor-container elementor-column-gap-default\">\n\t\t\t\t\t<div class=\"elementor-column elementor-col-100 elementor-top-column elementor-element elementor-element-65311cb\" data-id=\"65311cb\" data-element_type=\"column\" data-e-type=\"column\">\n\t\t\t<div class=\"elementor-widget-wrap elementor-element-populated\">\n\t\t\t\t\t\t<div class=\"elementor-element elementor-element-8cc57e4 elementor-widget elementor-widget-image\" data-id=\"8cc57e4\" data-element_type=\"widget\" data-e-type=\"widget\" data-widget_type=\"image.default\">\n\t\t\t\t<div class=\"elementor-widget-container\">\n\t\t\t\t\t\t\t\t\t\t\t\t\t\t\t<img fetchpriority=\"high\" decoding=\"async\" width=\"2000\" height=\"1000\" src=\"https:\/\/cpt.org\/wp-content\/uploads\/Easter-2022-Spanish.jpg\" class=\"attachment-full size-full wp-image-26623\" alt=\"Gr\u00e1fico de una mano izquierda con semillas con fondo amarillo que dice Sembrando Solidaridad: Arraigando comunidades en Paz, Justicia y Amor\" srcset=\"https:\/\/cpt.org\/wp-content\/uploads\/Easter-2022-Spanish.jpg 2000w, https:\/\/cpt.org\/wp-content\/uploads\/Easter-2022-Spanish-300x150.jpg 300w, https:\/\/cpt.org\/wp-content\/uploads\/Easter-2022-Spanish-1024x512.jpg 1024w, https:\/\/cpt.org\/wp-content\/uploads\/Easter-2022-Spanish-768x384.jpg 768w, https:\/\/cpt.org\/wp-content\/uploads\/Easter-2022-Spanish-1536x768.jpg 1536w\" sizes=\"(max-width: 2000px) 100vw, 2000px\" \/>\t\t\t\t\t\t\t\t\t\t\t\t\t\t\t<\/div>\n\t\t\t\t<\/div>\n\t\t\t\t\t<\/div>\n\t\t<\/div>\n\t\t\t\t\t<\/div>\n\t\t<\/section>\n\t\t\t\t<section class=\"elementor-section elementor-top-section elementor-element elementor-element-76bc614 elementor-section-boxed elementor-section-height-default elementor-section-height-default\" data-id=\"76bc614\" data-element_type=\"section\" data-e-type=\"section\">\n\t\t\t\t\t\t<div class=\"elementor-container elementor-column-gap-default\">\n\t\t\t\t\t<div class=\"elementor-column elementor-col-50 elementor-top-column elementor-element elementor-element-d4fc269\" data-id=\"d4fc269\" data-element_type=\"column\" data-e-type=\"column\">\n\t\t\t<div class=\"elementor-widget-wrap elementor-element-populated\">\n\t\t\t\t\t\t<div class=\"elementor-element elementor-element-8f1417d elementor-widget elementor-widget-text-editor\" data-id=\"8f1417d\" data-element_type=\"widget\" data-e-type=\"widget\" data-widget_type=\"text-editor.default\">\n\t\t\t\t<div class=\"elementor-widget-container\">\n\t\t\t\t\t\t\t\t\t<span style=\"color: #333333;\">\u00a1La inscripci\u00f3n para la temporada de Pascua est\u00e1 abierta, las congregaciones y todas las personas pueden participar de este d\u00eda especial de oraci\u00f3n y acci\u00f3n! ECAP est\u00e1 preparando recursos y materiales para ser utilizados durante el servicio dominical del 8 de mayo, es decir, el cuarto domingo de Pascua.\r\n<\/span>\t\t\t\t\t\t\t\t<\/div>\n\t\t\t\t<\/div>\n\t\t\t\t<div class=\"elementor-element elementor-element-e6648c2 elementor-widget elementor-widget-text-editor\" data-id=\"e6648c2\" data-element_type=\"widget\" data-e-type=\"widget\" data-widget_type=\"text-editor.default\">\n\t\t\t\t<div class=\"elementor-widget-container\">\n\t\t\t\t\t\t\t\t\t<p><span style=\"color: #333333;\">El a\u00f1o pasado, m\u00e1s de veinte congregaciones socias de ECAP se comprometieron con actos de Solidaridad Ind\u00edgena en la Isla Tortuga liderados por verdad, amor y acci\u00f3n.<\/span><\/p>\r\n\r\n<p><span style=\"color: #333333;\">Este a\u00f1o, exploraremos c\u00f3mo podemos abonar la tierra con solidaridad, para que prosperen comunidades abundantes y justas. Aprenderemos sobre las experiencias de las comunidades colombianas que resisten la violencia y la opresi\u00f3n mientras est\u00e1n enraizadas en la paz, la justicia y el amor.<\/span><\/p>\r\n\r\n<p>\u00abPero otra parte cay\u00f3 en buena tierra, y dio buena cosecha; algunas espigas dieron cien granos por semilla, otras sesenta granos, y otras treinta\u00bb. Mateo 13:8<\/p>\r\n\r\n<p>Registre su congregaci\u00f3n hoy y reciba recursos y materiales de adoraci\u00f3n y una invitaci\u00f3n a un encuentro y saludo el 8 de mayo organizado por el equipo y los socios de ECAP Colombia.<\/p>\r\n\r\n<p>*Los materiales de adoraci\u00f3n estan disponible en <a href=\"https:\/\/cpt.org\/es\/campaigns\/sembrando-solidaridad\" rel=\"noopener\" target=\"_blank\">ingl\u00e9s<\/a> y <a href=\"https:\/\/cpt.org\/es\/campaigns\/sembrando-solidaridad\" rel=\"noopener\" target=\"_blank\">espa\u00f1ol<\/a>.<\/p>\t\t\t\t\t\t\t\t<\/div>\n\t\t\t\t<\/div>\n\t\t\t\t<div class=\"elementor-element elementor-element-eff9c02 elementor-align-left elementor-widget elementor-widget-button\" data-id=\"eff9c02\" data-element_type=\"widget\" data-e-type=\"widget\" data-widget_type=\"button.default\">\n\t\t\t\t<div class=\"elementor-widget-container\">\n\t\t\t\t\t\t\t\t\t<div class=\"elementor-button-wrapper\">\n\t\t\t\t\t<a class=\"elementor-button elementor-button-link elementor-size-md\" href=\"https:\/\/cpt.org\/es\/campaigns\/sembrando-solidaridad\">\n\t\t\t\t\t\t<span class=\"elementor-button-content-wrapper\">\n\t\t\t\t\t\t\t\t\t<span class=\"elementor-button-text\">Accede a los Recursos<\/span>\n\t\t\t\t\t<\/span>\n\t\t\t\t\t<\/a>\n\t\t\t\t<\/div>\n\t\t\t\t\t\t\t\t<\/div>\n\t\t\t\t<\/div>\n\t\t\t\t\t<\/div>\n\t\t<\/div>\n\t\t\t\t<div class=\"elementor-column elementor-col-50 elementor-top-column elementor-element elementor-element-776dd9a\" data-id=\"776dd9a\" data-element_type=\"column\" data-e-type=\"column\">\n\t\t\t<div class=\"elementor-widget-wrap elementor-element-populated\">\n\t\t\t\t\t\t<div class=\"elementor-element elementor-element-104b204 elementor-widget elementor-widget-heading\" data-id=\"104b204\" data-element_type=\"widget\" data-e-type=\"widget\" data-widget_type=\"heading.default\">\n\t\t\t\t<div class=\"elementor-widget-container\">\n\t\t\t\t\t<h2 class=\"elementor-heading-title elementor-size-default\">Registro<\/h2>\t\t\t\t<\/div>\n\t\t\t\t<\/div>\n\t\t\t\t<div class=\"elementor-element elementor-element-d032b23 elementor-button-align-stretch elementor-widget elementor-widget-form\" data-id=\"d032b23\" data-element_type=\"widget\" data-e-type=\"widget\" data-settings=\"{&quot;button_width&quot;:&quot;30&quot;,&quot;step_next_label&quot;:&quot;Pr\\u00f3xima&quot;,&quot;step_previous_label&quot;:&quot;Previa&quot;,&quot;step_type&quot;:&quot;number_text&quot;,&quot;step_icon_shape&quot;:&quot;circle&quot;}\" data-widget_type=\"form.default\">\n\t\t\t\t<div class=\"elementor-widget-container\">\n\t\t\t\t\t\t\t<form class=\"elementor-form\" method=\"post\" name=\"Easter 2022\" aria-label=\"Easter 2022\">\n\t\t\t<input type=\"hidden\" name=\"post_id\" value=\"26628\"\/>\n\t\t\t<input type=\"hidden\" name=\"form_id\" value=\"d032b23\"\/>\n\t\t\t<input type=\"hidden\" name=\"referer_title\" value=\"Sembrando solidaridad : Comunidades enraizadas en la paz, la justicia, y el amor\" \/>\n\n\t\t\t\t\t\t\t<input type=\"hidden\" name=\"queried_id\" value=\"26628\"\/>\n\t\t\t\n\t\t\t<div class=\"elementor-form-fields-wrapper elementor-labels-above\">\n\t\t\t\t\t\t\t\t<div class=\"elementor-field-type-text elementor-field-group elementor-column elementor-field-group-fname elementor-col-100 elementor-field-required\">\n\t\t\t\t\t\t\t\t\t\t\t\t<label for=\"form-field-fname\" class=\"elementor-field-label\">\n\t\t\t\t\t\t\t\tNombre\t\t\t\t\t\t\t<\/label>\n\t\t\t\t\t\t\t\t\t\t\t\t\t\t<input size=\"1\" type=\"text\" name=\"form_fields[fname]\" id=\"form-field-fname\" class=\"elementor-field elementor-size-md  elementor-field-textual\" required=\"required\">\n\t\t\t\t\t\t\t\t\t\t\t<\/div>\n\t\t\t\t\t\t\t\t<div class=\"elementor-field-type-text elementor-field-group elementor-column elementor-field-group-lname elementor-col-100 elementor-field-required\">\n\t\t\t\t\t\t\t\t\t\t\t\t<label for=\"form-field-lname\" class=\"elementor-field-label\">\n\t\t\t\t\t\t\t\tApellido\t\t\t\t\t\t\t<\/label>\n\t\t\t\t\t\t\t\t\t\t\t\t\t\t<input size=\"1\" type=\"text\" name=\"form_fields[lname]\" id=\"form-field-lname\" class=\"elementor-field elementor-size-md  elementor-field-textual\" required=\"required\">\n\t\t\t\t\t\t\t\t\t\t\t<\/div>\n\t\t\t\t\t\t\t\t<div class=\"elementor-field-type-text elementor-field-group elementor-column elementor-field-group-congregation elementor-col-100\">\n\t\t\t\t\t\t\t\t\t\t\t\t<label for=\"form-field-congregation\" class=\"elementor-field-label\">\n\t\t\t\t\t\t\t\tCongregacion\t\t\t\t\t\t\t<\/label>\n\t\t\t\t\t\t\t\t\t\t\t\t\t\t<input size=\"1\" type=\"text\" name=\"form_fields[congregation]\" id=\"form-field-congregation\" class=\"elementor-field elementor-size-md  elementor-field-textual\" placeholder=\"Si es aplicable\">\n\t\t\t\t\t\t\t\t\t\t\t<\/div>\n\t\t\t\t\t\t\t\t<div class=\"elementor-field-type-text elementor-field-group elementor-column elementor-field-group-country elementor-col-100 elementor-field-required\">\n\t\t\t\t\t\t\t\t\t\t\t\t<label for=\"form-field-country\" class=\"elementor-field-label\">\n\t\t\t\t\t\t\t\tPa\u00eds\t\t\t\t\t\t\t<\/label>\n\t\t\t\t\t\t\t\t\t\t\t\t\t\t<input size=\"1\" type=\"text\" name=\"form_fields[country]\" id=\"form-field-country\" class=\"elementor-field elementor-size-md  elementor-field-textual\" required=\"required\">\n\t\t\t\t\t\t\t\t\t\t\t<\/div>\n\t\t\t\t\t\t\t\t<div class=\"elementor-field-type-email elementor-field-group elementor-column elementor-field-group-email elementor-col-100 elementor-field-required\">\n\t\t\t\t\t\t\t\t\t\t\t\t<label for=\"form-field-email\" class=\"elementor-field-label\">\n\t\t\t\t\t\t\t\tCorreo\t\t\t\t\t\t\t<\/label>\n\t\t\t\t\t\t\t\t\t\t\t\t\t\t<input size=\"1\" type=\"email\" name=\"form_fields[email]\" id=\"form-field-email\" class=\"elementor-field elementor-size-md  elementor-field-textual\" required=\"required\">\n\t\t\t\t\t\t\t\t\t\t\t<\/div>\n\t\t\t\t\t\t\t\t<div class=\"elementor-field-type-select elementor-field-group elementor-column elementor-field-group-field_dc12a1b elementor-col-100 elementor-field-required\">\n\t\t\t\t\t\t\t\t\t\t\t\t<label for=\"form-field-field_dc12a1b\" class=\"elementor-field-label\">\n\t\t\t\t\t\t\t\tIdioma\t\t\t\t\t\t\t<\/label>\n\t\t\t\t\t\t\t\t<div class=\"elementor-field elementor-select-wrapper remove-before \">\n\t\t\t<div class=\"select-caret-down-wrapper\">\n\t\t\t\t<i aria-hidden=\"true\" class=\"eicon-caret-down\"><\/i>\t\t\t<\/div>\n\t\t\t<select name=\"form_fields[field_dc12a1b]\" id=\"form-field-field_dc12a1b\" class=\"elementor-field-textual elementor-size-md\" required=\"required\">\n\t\t\t\t\t\t\t\t\t<option value=\"Ingl\u00e9s\">Ingl\u00e9s<\/option>\n\t\t\t\t\t\t\t\t\t<option value=\"Espa\u00f1ol\">Espa\u00f1ol<\/option>\n\t\t\t\t\t\t\t<\/select>\n\t\t<\/div>\n\t\t\t\t\t\t<\/div>\n\t\t\t\t\t\t\t\t<div class=\"elementor-field-type-recaptcha_v3 elementor-field-group elementor-column elementor-field-group-field_eb36776 elementor-col-100 recaptcha_v3-bottomright\">\n\t\t\t\t\t<div class=\"elementor-field\" id=\"form-field-field_eb36776\"><div class=\"elementor-g-recaptcha\" data-sitekey=\"6LdXdSMeAAAAAHz9wv7EFg3J94e00ElvfQlm_Fhn\" data-type=\"v3\" data-action=\"Form\" data-badge=\"bottomright\" data-size=\"invisible\"><\/div><\/div>\t\t\t\t<\/div>\n\t\t\t\t\t\t\t\t<div class=\"elementor-field-type-html elementor-field-group elementor-column elementor-field-group-field_2d05647 elementor-col-100\">\n\t\t\t\t\tThis site is protected by reCAPTCHA and the Google\r\n    <a href=\"https:\/\/policies.google.com\/privacy\">Privacy Policy<\/a> and\r\n    <a href=\"https:\/\/policies.google.com\/terms\">Terms of Service<\/a> apply.\t\t\t\t<\/div>\n\t\t\t\t\t\t\t\t<div class=\"elementor-field-group elementor-column elementor-field-type-submit elementor-col-30 e-form__buttons\">\n\t\t\t\t\t<button class=\"elementor-button elementor-size-md\" type=\"submit\">\n\t\t\t\t\t\t<span class=\"elementor-button-content-wrapper\">\n\t\t\t\t\t\t\t\t\t\t\t\t\t\t\t\t\t\t\t\t\t\t<span class=\"elementor-button-text\">Enviar<\/span>\n\t\t\t\t\t\t\t\t\t\t\t\t\t<\/span>\n\t\t\t\t\t<\/button>\n\t\t\t\t<\/div>\n\t\t\t<\/div>\n\t\t<\/form>\n\t\t\t\t\t\t<\/div>\n\t\t\t\t<\/div>\n\t\t\t\t\t<\/div>\n\t\t<\/div>\n\t\t\t\t\t<\/div>\n\t\t<\/section>\n\t\t\t\t<\/div>\n\t\t","protected":false},"excerpt":{"rendered":"<p>\u00a1La inscripci\u00f3n para la temporada de Pascua est\u00e1 abierta, las congregaciones y todas las personas pueden participar de este d\u00eda especial de oraci\u00f3n y acci\u00f3n! ECAP est\u00e1 preparando recursos y materiales para ser utilizados durante el servicio dominical del 8 de mayo, es decir, el cuarto domingo de Pascua. El a\u00f1o pasado, m\u00e1s de veinte [&hellip;]<\/p>\n","protected":false},"author":9,"featured_media":26623,"parent":0,"menu_order":0,"comment_status":"closed","ping_status":"closed","template":"","meta":{"footnotes":""},"class_list":["post-26628","page","type-page","status-publish","has-post-thumbnail","hentry"],"yoast_head":"<!-- This site is optimized with the Yoast SEO Premium plugin v27.4 (Yoast SEO v27.4) - https:\/\/yoast.com\/product\/yoast-seo-premium-wordpress\/ -->\n<title>Sembrando solidaridad : Comunidades enraizadas en la paz, la justicia, y el amor<\/title>\n<meta name=\"description\" content=\"Tome acci\u00f3n con ECAP para un d\u00eda de oraci\u00f3n y acci\u00f3n el 8 de mayo. Esta Pascua exploraremos sembrando solidaridad por la paz, la justicia y el amor.\" \/>\n<meta name=\"robots\" content=\"index, follow, max-snippet:-1, max-image-preview:large, max-video-preview:-1\" \/>\n<link rel=\"canonical\" href=\"https:\/\/cpt.org\/es\/pascua\" \/>\n<meta property=\"og:locale\" content=\"es_ES\" \/>\n<meta property=\"og:type\" content=\"article\" \/>\n<meta property=\"og:title\" content=\"Tome Acci\u00f3n - 8 de mayo | Un d\u00eda de Oraci\u00f3n y Acci\u00f3n: Sembrando Solidaridad\" \/>\n<meta property=\"og:description\" content=\"Tome acci\u00f3n con ECAP para un d\u00eda de oraci\u00f3n y acci\u00f3n el 8 de mayo. Esta Pascua exploraremos sembrando solidaridad por la paz, la justicia y el amor.\" \/>\n<meta property=\"og:url\" content=\"https:\/\/cpt.org\/es\/pascua\" \/>\n<meta property=\"og:site_name\" content=\"Equipos y Comunidades de Acci\u00f3n por la Paz\" \/>\n<meta property=\"article:publisher\" content=\"https:\/\/www.facebook.com\/cpters\" \/>\n<meta property=\"article:modified_time\" content=\"2022-03-17T11:40:53+00:00\" \/>\n<meta property=\"og:image\" content=\"https:\/\/cpt.org\/wp-content\/uploads\/Easter-2022-Spanish.jpg\" \/>\n\t<meta property=\"og:image:width\" content=\"2000\" \/>\n\t<meta property=\"og:image:height\" content=\"1000\" \/>\n\t<meta property=\"og:image:type\" content=\"image\/jpeg\" \/>\n<meta name=\"twitter:card\" content=\"summary_large_image\" \/>\n<meta name=\"twitter:title\" content=\"Tome Acci\u00f3n - 8 de mayo | Un d\u00eda de Oraci\u00f3n y Acci\u00f3n: Sembrando Solidaridad\" \/>\n<meta name=\"twitter:description\" content=\"Tome acci\u00f3n con ECAP para un d\u00eda de oraci\u00f3n y acci\u00f3n el 8 de mayo. Esta Pascua exploraremos sembrando solidaridad por la paz, la justicia y el amor.\" \/>\n<meta name=\"twitter:site\" content=\"@cpt_intl\" \/>\n<meta name=\"twitter:label1\" content=\"Tiempo de lectura\" \/>\n\t<meta name=\"twitter:data1\" content=\"2 minutos\" \/>\n<script type=\"application\/ld+json\" class=\"yoast-schema-graph\">{\"@context\":\"https:\\\/\\\/schema.org\",\"@graph\":[{\"@type\":\"WebPage\",\"@id\":\"https:\\\/\\\/cpt.org\\\/es\\\/pascua\",\"url\":\"https:\\\/\\\/cpt.org\\\/es\\\/pascua\",\"name\":\"Sembrando solidaridad : Comunidades enraizadas en la paz, la justicia, y el amor\",\"isPartOf\":{\"@id\":\"https:\\\/\\\/cpt.org\\\/es#website\"},\"primaryImageOfPage\":{\"@id\":\"https:\\\/\\\/cpt.org\\\/es\\\/pascua#primaryimage\"},\"image\":{\"@id\":\"https:\\\/\\\/cpt.org\\\/es\\\/pascua#primaryimage\"},\"thumbnailUrl\":\"https:\\\/\\\/cpt.org\\\/wp-content\\\/uploads\\\/Easter-2022-Spanish.jpg\",\"datePublished\":\"2022-02-04T16:14:08+00:00\",\"dateModified\":\"2022-03-17T11:40:53+00:00\",\"description\":\"Tome acci\u00f3n con ECAP para un d\u00eda de oraci\u00f3n y acci\u00f3n el 8 de mayo. Esta Pascua exploraremos sembrando solidaridad por la paz, la justicia y el amor.\",\"breadcrumb\":{\"@id\":\"https:\\\/\\\/cpt.org\\\/es\\\/pascua#breadcrumb\"},\"inLanguage\":\"es\",\"potentialAction\":[{\"@type\":\"ReadAction\",\"target\":[\"https:\\\/\\\/cpt.org\\\/es\\\/pascua\"]}]},{\"@type\":\"ImageObject\",\"inLanguage\":\"es\",\"@id\":\"https:\\\/\\\/cpt.org\\\/es\\\/pascua#primaryimage\",\"url\":\"https:\\\/\\\/cpt.org\\\/wp-content\\\/uploads\\\/Easter-2022-Spanish.jpg\",\"contentUrl\":\"https:\\\/\\\/cpt.org\\\/wp-content\\\/uploads\\\/Easter-2022-Spanish.jpg\",\"width\":2000,\"height\":1000,\"caption\":\"Gr\u00e1fico de una mano izquierda con semillas con fondo amarillo que dice Sembrando Solidaridad: Arraigando comunidades en Paz, Justicia y Amor\"},{\"@type\":\"BreadcrumbList\",\"@id\":\"https:\\\/\\\/cpt.org\\\/es\\\/pascua#breadcrumb\",\"itemListElement\":[{\"@type\":\"ListItem\",\"position\":1,\"name\":\"Home\",\"item\":\"https:\\\/\\\/cpt.org\\\/es\"},{\"@type\":\"ListItem\",\"position\":2,\"name\":\"Sembrando solidaridad : Comunidades enraizadas en la paz, la justicia, y el amor\"}]},{\"@type\":\"WebSite\",\"@id\":\"https:\\\/\\\/cpt.org\\\/es#website\",\"url\":\"https:\\\/\\\/cpt.org\\\/es\",\"name\":\"Equipos y Comunidades de Acci\u00f3n por la Paz\",\"description\":\"Building partnerships to transform violence and oppression\",\"publisher\":{\"@id\":\"https:\\\/\\\/cpt.org\\\/es#organization\"},\"potentialAction\":[{\"@type\":\"SearchAction\",\"target\":{\"@type\":\"EntryPoint\",\"urlTemplate\":\"https:\\\/\\\/cpt.org\\\/es?s={search_term_string}\"},\"query-input\":{\"@type\":\"PropertyValueSpecification\",\"valueRequired\":true,\"valueName\":\"search_term_string\"}}],\"inLanguage\":\"es\"},{\"@type\":\"Organization\",\"@id\":\"https:\\\/\\\/cpt.org\\\/es#organization\",\"name\":\"Equipos y Comunidades de Acci\u00f3n por la Paz\",\"url\":\"https:\\\/\\\/cpt.org\\\/es\",\"logo\":{\"@type\":\"ImageObject\",\"inLanguage\":\"es\",\"@id\":\"https:\\\/\\\/cpt.org\\\/es#\\\/schema\\\/logo\\\/image\\\/\",\"url\":\"https:\\\/\\\/cpt.org\\\/wp-content\\\/uploads\\\/logoCPT-red-2.png\",\"contentUrl\":\"https:\\\/\\\/cpt.org\\\/wp-content\\\/uploads\\\/logoCPT-red-2.png\",\"width\":1730,\"height\":840,\"caption\":\"Equipos y Comunidades de Acci\u00f3n por la Paz\"},\"image\":{\"@id\":\"https:\\\/\\\/cpt.org\\\/es#\\\/schema\\\/logo\\\/image\\\/\"},\"sameAs\":[\"https:\\\/\\\/www.facebook.com\\\/cpters\",\"https:\\\/\\\/x.com\\\/cpt_intl\",\"https:\\\/\\\/www.instagram.com\\\/cpteams\\\/\",\"https:\\\/\\\/www.youtube.com\\\/user\\\/cptvideos\"]}]}<\/script>\n<!-- \/ Yoast SEO Premium plugin. -->","yoast_head_json":{"title":"Sembrando solidaridad : Comunidades enraizadas en la paz, la justicia, y el amor","description":"Tome acci\u00f3n con ECAP para un d\u00eda de oraci\u00f3n y acci\u00f3n el 8 de mayo. Esta Pascua exploraremos sembrando solidaridad por la paz, la justicia y el amor.","robots":{"index":"index","follow":"follow","max-snippet":"max-snippet:-1","max-image-preview":"max-image-preview:large","max-video-preview":"max-video-preview:-1"},"canonical":"https:\/\/cpt.org\/es\/pascua","og_locale":"es_ES","og_type":"article","og_title":"Tome Acci\u00f3n - 8 de mayo | Un d\u00eda de Oraci\u00f3n y Acci\u00f3n: Sembrando Solidaridad","og_description":"Tome acci\u00f3n con ECAP para un d\u00eda de oraci\u00f3n y acci\u00f3n el 8 de mayo. Esta Pascua exploraremos sembrando solidaridad por la paz, la justicia y el amor.","og_url":"https:\/\/cpt.org\/es\/pascua","og_site_name":"Equipos y Comunidades de Acci\u00f3n por la Paz","article_publisher":"https:\/\/www.facebook.com\/cpters","article_modified_time":"2022-03-17T11:40:53+00:00","og_image":[{"width":2000,"height":1000,"url":"https:\/\/cpt.org\/wp-content\/uploads\/Easter-2022-Spanish.jpg","type":"image\/jpeg"}],"twitter_card":"summary_large_image","twitter_title":"Tome Acci\u00f3n - 8 de mayo | Un d\u00eda de Oraci\u00f3n y Acci\u00f3n: Sembrando Solidaridad","twitter_description":"Tome acci\u00f3n con ECAP para un d\u00eda de oraci\u00f3n y acci\u00f3n el 8 de mayo. Esta Pascua exploraremos sembrando solidaridad por la paz, la justicia y el amor.","twitter_site":"@cpt_intl","twitter_misc":{"Tiempo de lectura":"2 minutos"},"schema":{"@context":"https:\/\/schema.org","@graph":[{"@type":"WebPage","@id":"https:\/\/cpt.org\/es\/pascua","url":"https:\/\/cpt.org\/es\/pascua","name":"Sembrando solidaridad : Comunidades enraizadas en la paz, la justicia, y el amor","isPartOf":{"@id":"https:\/\/cpt.org\/es#website"},"primaryImageOfPage":{"@id":"https:\/\/cpt.org\/es\/pascua#primaryimage"},"image":{"@id":"https:\/\/cpt.org\/es\/pascua#primaryimage"},"thumbnailUrl":"https:\/\/cpt.org\/wp-content\/uploads\/Easter-2022-Spanish.jpg","datePublished":"2022-02-04T16:14:08+00:00","dateModified":"2022-03-17T11:40:53+00:00","description":"Tome acci\u00f3n con ECAP para un d\u00eda de oraci\u00f3n y acci\u00f3n el 8 de mayo. Esta Pascua exploraremos sembrando solidaridad por la paz, la justicia y el amor.","breadcrumb":{"@id":"https:\/\/cpt.org\/es\/pascua#breadcrumb"},"inLanguage":"es","potentialAction":[{"@type":"ReadAction","target":["https:\/\/cpt.org\/es\/pascua"]}]},{"@type":"ImageObject","inLanguage":"es","@id":"https:\/\/cpt.org\/es\/pascua#primaryimage","url":"https:\/\/cpt.org\/wp-content\/uploads\/Easter-2022-Spanish.jpg","contentUrl":"https:\/\/cpt.org\/wp-content\/uploads\/Easter-2022-Spanish.jpg","width":2000,"height":1000,"caption":"Gr\u00e1fico de una mano izquierda con semillas con fondo amarillo que dice Sembrando Solidaridad: Arraigando comunidades en Paz, Justicia y Amor"},{"@type":"BreadcrumbList","@id":"https:\/\/cpt.org\/es\/pascua#breadcrumb","itemListElement":[{"@type":"ListItem","position":1,"name":"Home","item":"https:\/\/cpt.org\/es"},{"@type":"ListItem","position":2,"name":"Sembrando solidaridad : Comunidades enraizadas en la paz, la justicia, y el amor"}]},{"@type":"WebSite","@id":"https:\/\/cpt.org\/es#website","url":"https:\/\/cpt.org\/es","name":"Equipos y Comunidades de Acci\u00f3n por la Paz","description":"Building partnerships to transform violence and oppression","publisher":{"@id":"https:\/\/cpt.org\/es#organization"},"potentialAction":[{"@type":"SearchAction","target":{"@type":"EntryPoint","urlTemplate":"https:\/\/cpt.org\/es?s={search_term_string}"},"query-input":{"@type":"PropertyValueSpecification","valueRequired":true,"valueName":"search_term_string"}}],"inLanguage":"es"},{"@type":"Organization","@id":"https:\/\/cpt.org\/es#organization","name":"Equipos y Comunidades de Acci\u00f3n por la Paz","url":"https:\/\/cpt.org\/es","logo":{"@type":"ImageObject","inLanguage":"es","@id":"https:\/\/cpt.org\/es#\/schema\/logo\/image\/","url":"https:\/\/cpt.org\/wp-content\/uploads\/logoCPT-red-2.png","contentUrl":"https:\/\/cpt.org\/wp-content\/uploads\/logoCPT-red-2.png","width":1730,"height":840,"caption":"Equipos y Comunidades de Acci\u00f3n por la Paz"},"image":{"@id":"https:\/\/cpt.org\/es#\/schema\/logo\/image\/"},"sameAs":["https:\/\/www.facebook.com\/cpters","https:\/\/x.com\/cpt_intl","https:\/\/www.instagram.com\/cpteams\/","https:\/\/www.youtube.com\/user\/cptvideos"]}]}},"_links":{"self":[{"href":"https:\/\/cpt.org\/es\/wp-json\/wp\/v2\/pages\/26628","targetHints":{"allow":["GET"]}}],"collection":[{"href":"https:\/\/cpt.org\/es\/wp-json\/wp\/v2\/pages"}],"about":[{"href":"https:\/\/cpt.org\/es\/wp-json\/wp\/v2\/types\/page"}],"author":[{"embeddable":true,"href":"https:\/\/cpt.org\/es\/wp-json\/wp\/v2\/users\/9"}],"replies":[{"embeddable":true,"href":"https:\/\/cpt.org\/es\/wp-json\/wp\/v2\/comments?post=26628"}],"version-history":[{"count":20,"href":"https:\/\/cpt.org\/es\/wp-json\/wp\/v2\/pages\/26628\/revisions"}],"predecessor-version":[{"id":27561,"href":"https:\/\/cpt.org\/es\/wp-json\/wp\/v2\/pages\/26628\/revisions\/27561"}],"wp:featuredmedia":[{"embeddable":true,"href":"https:\/\/cpt.org\/es\/wp-json\/wp\/v2\/media\/26623"}],"wp:attachment":[{"href":"https:\/\/cpt.org\/es\/wp-json\/wp\/v2\/media?parent=26628"}],"curies":[{"name":"wp","href":"https:\/\/api.w.org\/{rel}","templated":true}]}}