{"id":34810,"date":"2024-01-15T07:26:31","date_gmt":"2024-01-15T13:26:31","guid":{"rendered":"https:\/\/cpt.org\/noticias"},"modified":"2024-01-15T07:26:32","modified_gmt":"2024-01-15T13:26:32","slug":"noticias","status":"publish","type":"page","link":"https:\/\/cpt.org\/es\/noticias","title":{"rendered":"Noticias"},"content":{"rendered":"\t\t<div data-elementor-type=\"wp-page\" data-elementor-id=\"34810\" class=\"elementor elementor-34810 elementor-18812\" data-elementor-post-type=\"page\">\n\t\t\t\t\t\t<section class=\"elementor-section elementor-top-section elementor-element elementor-element-354e4d4 elementor-section-boxed elementor-section-height-default elementor-section-height-default\" data-id=\"354e4d4\" data-element_type=\"section\" data-e-type=\"section\">\n\t\t\t\t\t\t<div class=\"elementor-container elementor-column-gap-default\">\n\t\t\t\t\t<div class=\"elementor-column elementor-col-50 elementor-top-column elementor-element elementor-element-91e4a79\" data-id=\"91e4a79\" data-element_type=\"column\" data-e-type=\"column\">\n\t\t\t<div class=\"elementor-widget-wrap elementor-element-populated\">\n\t\t\t\t\t\t<div class=\"elementor-element elementor-element-7563022 elementor-widget elementor-widget-spacer\" data-id=\"7563022\" data-element_type=\"widget\" data-e-type=\"widget\" data-widget_type=\"spacer.default\">\n\t\t\t\t<div class=\"elementor-widget-container\">\n\t\t\t\t\t\t\t<div class=\"elementor-spacer\">\n\t\t\t<div class=\"elementor-spacer-inner\"><\/div>\n\t\t<\/div>\n\t\t\t\t\t\t<\/div>\n\t\t\t\t<\/div>\n\t\t\t\t<div class=\"elementor-element elementor-element-f628eb6 elementor-nav-menu--dropdown-none elementor-widget elementor-widget-nav-menu\" data-id=\"f628eb6\" data-element_type=\"widget\" data-e-type=\"widget\" data-settings=\"{&quot;layout&quot;:&quot;vertical&quot;,&quot;submenu_icon&quot;:{&quot;value&quot;:&quot;&lt;i class=\\&quot;fas fa-caret-down\\&quot; aria-hidden=\\&quot;true\\&quot;&gt;&lt;\\\/i&gt;&quot;,&quot;library&quot;:&quot;fa-solid&quot;}}\" data-widget_type=\"nav-menu.default\">\n\t\t\t\t<div class=\"elementor-widget-container\">\n\t\t\t\t\t\t\t\t<nav aria-label=\"Men\u00fa\" class=\"elementor-nav-menu--main elementor-nav-menu__container elementor-nav-menu--layout-vertical e--pointer-underline e--animation-fade\">\n\t\t\t\t<ul id=\"menu-1-f628eb6\" class=\"elementor-nav-menu sm-vertical\"><li class=\"menu-item menu-item-type-taxonomy menu-item-object-category menu-item-34791\"><a href=\"https:\/\/cpt.org\/category\/europe\/aegean-migrant-solidarity\" class=\"elementor-item\">Aegean Migrant Solidarity<\/a><\/li>\n<li class=\"menu-item menu-item-type-taxonomy menu-item-object-category menu-item-34789\"><a href=\"https:\/\/cpt.org\/category\/colombia\" class=\"elementor-item\">Colombia<\/a><\/li>\n<li class=\"menu-item menu-item-type-taxonomy menu-item-object-category menu-item-34792\"><a href=\"https:\/\/cpt.org\/category\/kurdistan\" class=\"elementor-item\">Iraqi Kurdistan<\/a><\/li>\n<li class=\"menu-item menu-item-type-taxonomy menu-item-object-category menu-item-34793\"><a href=\"https:\/\/cpt.org\/category\/palestine\" class=\"elementor-item\">Palestine<\/a><\/li>\n<li class=\"menu-item menu-item-type-taxonomy menu-item-object-category menu-item-34794\"><a href=\"https:\/\/cpt.org\/category\/turtle-island-solidarity-network\" class=\"elementor-item\">Turtle Island Solidarity Network<\/a><\/li>\n<li class=\"menu-item menu-item-type-taxonomy menu-item-object-category menu-item-34788\"><a href=\"https:\/\/cpt.org\/category\/borderlands\" class=\"elementor-item\">US\/Mexico Borderlands<\/a><\/li>\n<li class=\"menu-item menu-item-type-taxonomy menu-item-object-category menu-item-34790\"><a href=\"https:\/\/cpt.org\/category\/cpt-international\" class=\"elementor-item\">CPT International<\/a><\/li>\n<li class=\"menu-item menu-item-type-custom menu-item-object-custom menu-item-34795\"><a href=\"https:\/\/cpt.org\/tag\/press-release\" class=\"elementor-item\">Press Releases<\/a><\/li>\n<\/ul>\t\t\t<\/nav>\n\t\t\t\t\t\t<nav class=\"elementor-nav-menu--dropdown elementor-nav-menu__container\" aria-hidden=\"true\">\n\t\t\t\t<ul id=\"menu-2-f628eb6\" class=\"elementor-nav-menu sm-vertical\"><li class=\"menu-item menu-item-type-taxonomy menu-item-object-category menu-item-34791\"><a href=\"https:\/\/cpt.org\/category\/europe\/aegean-migrant-solidarity\" class=\"elementor-item\" tabindex=\"-1\">Aegean Migrant Solidarity<\/a><\/li>\n<li class=\"menu-item menu-item-type-taxonomy menu-item-object-category menu-item-34789\"><a href=\"https:\/\/cpt.org\/category\/colombia\" class=\"elementor-item\" tabindex=\"-1\">Colombia<\/a><\/li>\n<li class=\"menu-item menu-item-type-taxonomy menu-item-object-category menu-item-34792\"><a href=\"https:\/\/cpt.org\/category\/kurdistan\" class=\"elementor-item\" tabindex=\"-1\">Iraqi Kurdistan<\/a><\/li>\n<li class=\"menu-item menu-item-type-taxonomy menu-item-object-category menu-item-34793\"><a href=\"https:\/\/cpt.org\/category\/palestine\" class=\"elementor-item\" tabindex=\"-1\">Palestine<\/a><\/li>\n<li class=\"menu-item menu-item-type-taxonomy menu-item-object-category menu-item-34794\"><a href=\"https:\/\/cpt.org\/category\/turtle-island-solidarity-network\" class=\"elementor-item\" tabindex=\"-1\">Turtle Island Solidarity Network<\/a><\/li>\n<li class=\"menu-item menu-item-type-taxonomy menu-item-object-category menu-item-34788\"><a href=\"https:\/\/cpt.org\/category\/borderlands\" class=\"elementor-item\" tabindex=\"-1\">US\/Mexico Borderlands<\/a><\/li>\n<li class=\"menu-item menu-item-type-taxonomy menu-item-object-category menu-item-34790\"><a href=\"https:\/\/cpt.org\/category\/cpt-international\" class=\"elementor-item\" tabindex=\"-1\">CPT International<\/a><\/li>\n<li class=\"menu-item menu-item-type-custom menu-item-object-custom menu-item-34795\"><a href=\"https:\/\/cpt.org\/tag\/press-release\" class=\"elementor-item\" tabindex=\"-1\">Press Releases<\/a><\/li>\n<\/ul>\t\t\t<\/nav>\n\t\t\t\t\t\t<\/div>\n\t\t\t\t<\/div>\n\t\t\t\t\t<\/div>\n\t\t<\/div>\n\t\t\t\t<div class=\"elementor-column elementor-col-50 elementor-top-column elementor-element elementor-element-2702dba\" data-id=\"2702dba\" data-element_type=\"column\" data-e-type=\"column\">\n\t\t\t<div class=\"elementor-widget-wrap elementor-element-populated\">\n\t\t\t\t\t\t<div class=\"elementor-element elementor-element-caf268e elementor-widget elementor-widget-heading\" data-id=\"caf268e\" data-element_type=\"widget\" data-e-type=\"widget\" data-widget_type=\"heading.default\">\n\t\t\t\t<div class=\"elementor-widget-container\">\n\t\t\t\t\t<h1 class=\"elementor-heading-title elementor-size-default\">\u00daltimas noticias<\/h1>\t\t\t\t<\/div>\n\t\t\t\t<\/div>\n\t\t\t\t<div class=\"elementor-element elementor-element-41e01a8 elementor-grid-3 elementor-grid-tablet-2 elementor-grid-mobile-1 elementor-posts--thumbnail-top load-more-align-center elementor-widget elementor-widget-posts\" data-id=\"41e01a8\" data-element_type=\"widget\" data-e-type=\"widget\" data-settings=\"{&quot;classic_row_gap&quot;:{&quot;unit&quot;:&quot;px&quot;,&quot;size&quot;:38,&quot;sizes&quot;:[]},&quot;pagination_type&quot;:&quot;load_more_on_click&quot;,&quot;classic_columns&quot;:&quot;3&quot;,&quot;classic_columns_tablet&quot;:&quot;2&quot;,&quot;classic_columns_mobile&quot;:&quot;1&quot;,&quot;classic_row_gap_tablet&quot;:{&quot;unit&quot;:&quot;px&quot;,&quot;size&quot;:&quot;&quot;,&quot;sizes&quot;:[]},&quot;classic_row_gap_mobile&quot;:{&quot;unit&quot;:&quot;px&quot;,&quot;size&quot;:&quot;&quot;,&quot;sizes&quot;:[]},&quot;load_more_spinner&quot;:{&quot;value&quot;:&quot;fas fa-spinner&quot;,&quot;library&quot;:&quot;fa-solid&quot;}}\" data-widget_type=\"posts.classic\">\n\t\t\t\t<div class=\"elementor-widget-container\">\n\t\t\t\t\t\t\t<div class=\"elementor-posts-container elementor-posts elementor-posts--skin-classic elementor-grid\" role=\"list\">\n\t\t\t\t<article class=\"elementor-post elementor-grid-item post-41497 post type-post status-publish format-standard has-post-thumbnail hentry category-red-de-solidaridad-de-la-isla-tortuga\" role=\"listitem\">\n\t\t\t\t<a class=\"elementor-post__thumbnail__link\" href=\"https:\/\/cpt.org\/es\/2026\/04\/29\/el-dinero-la-conquista-policial-y-el-genocidio-los-tres-jinetes-del-estado-colonizador-de-canada\" tabindex=\"-1\" >\n\t\t\t<div class=\"elementor-post__thumbnail\"><img fetchpriority=\"high\" decoding=\"async\" width=\"768\" height=\"576\" src=\"https:\/\/cpt.org\/wp-content\/uploads\/260416-TISN-768x576.jpg\" class=\"attachment-medium_large size-medium_large wp-image-41496\" alt=\"People holding Grassy Narrows banners\" srcset=\"https:\/\/cpt.org\/wp-content\/uploads\/260416-TISN-768x576.jpg 768w, https:\/\/cpt.org\/wp-content\/uploads\/260416-TISN-300x225.jpg 300w, https:\/\/cpt.org\/wp-content\/uploads\/260416-TISN-1024x768.jpg 1024w, https:\/\/cpt.org\/wp-content\/uploads\/260416-TISN-1536x1152.jpg 1536w, https:\/\/cpt.org\/wp-content\/uploads\/260416-TISN.jpg 2000w\" sizes=\"(max-width: 768px) 100vw, 768px\" \/><\/div>\n\t\t<\/a>\n\t\t\t\t<div class=\"elementor-post__text\">\n\t\t\t\t<h3 class=\"elementor-post__title\">\n\t\t\t<a href=\"https:\/\/cpt.org\/es\/2026\/04\/29\/el-dinero-la-conquista-policial-y-el-genocidio-los-tres-jinetes-del-estado-colonizador-de-canada\" >\n\t\t\t\tEl dinero, la conquista policial y el genocidio \u2013 los tres jinetes del Estado colonizador de Canad\u00e1\t\t\t<\/a>\n\t\t<\/h3>\n\t\t\t\t<div class=\"elementor-post__meta-data\">\n\t\t\t\t\t<span class=\"elementor-post-author\">\n\t\t\tCPT Turtle Island Solidarity Network\t\t<\/span>\n\t\t\t\t<span class=\"elementor-post-date\">\n\t\t\t29 de abril de 2026\t\t<\/span>\n\t\t\t\t<\/div>\n\t\t\t\t<div class=\"elementor-post__excerpt\">\n\t\t\t<p>Las personas pol\u00edticas canadienses siguen intentando restar importancia a la resistencia ind\u00edgena. La Red de\u00a0Solidaridad en Isla Tortuga analiza las ra\u00edces supremacistas blancas de este desprecio.<\/p>\n\t\t<\/div>\n\t\t\t\t<\/div>\n\t\t\t\t<\/article>\n\t\t\t\t<article class=\"elementor-post elementor-grid-item post-41485 post type-post status-publish format-standard has-post-thumbnail hentry category-migrantes-en-la-region-egea\" role=\"listitem\">\n\t\t\t\t<a class=\"elementor-post__thumbnail__link\" href=\"https:\/\/cpt.org\/es\/2026\/04\/28\/llamamiento-para-la-suspension-inmediata-del-ccac-de-vastria\" tabindex=\"-1\" >\n\t\t\t<div class=\"elementor-post__thumbnail\"><img decoding=\"async\" width=\"768\" height=\"576\" src=\"https:\/\/cpt.org\/wp-content\/uploads\/260420-AMS-768x576.jpg\" class=\"attachment-medium_large size-medium_large wp-image-41484\" alt=\"A refugee camp\" srcset=\"https:\/\/cpt.org\/wp-content\/uploads\/260420-AMS-768x576.jpg 768w, https:\/\/cpt.org\/wp-content\/uploads\/260420-AMS-300x225.jpg 300w, https:\/\/cpt.org\/wp-content\/uploads\/260420-AMS-1024x768.jpg 1024w, https:\/\/cpt.org\/wp-content\/uploads\/260420-AMS-1536x1152.jpg 1536w, https:\/\/cpt.org\/wp-content\/uploads\/260420-AMS.jpg 2000w\" sizes=\"(max-width: 768px) 100vw, 768px\" \/><\/div>\n\t\t<\/a>\n\t\t\t\t<div class=\"elementor-post__text\">\n\t\t\t\t<h3 class=\"elementor-post__title\">\n\t\t\t<a href=\"https:\/\/cpt.org\/es\/2026\/04\/28\/llamamiento-para-la-suspension-inmediata-del-ccac-de-vastria\" >\n\t\t\t\tLlamamiento para la suspensi\u00f3n inmediata del \u2018CCAC\u2019 de Vastria\t\t\t<\/a>\n\t\t<\/h3>\n\t\t\t\t<div class=\"elementor-post__meta-data\">\n\t\t\t\t\t<span class=\"elementor-post-author\">\n\t\t\tCPT Aegean Migrant Solidarity\t\t<\/span>\n\t\t\t\t<span class=\"elementor-post-date\">\n\t\t\t28 de abril de 2026\t\t<\/span>\n\t\t\t\t<\/div>\n\t\t\t\t<div class=\"elementor-post__excerpt\">\n\t\t\t<p>El Programa ECAP de Solidaridad con Migrantes en la Regi\u00f3n Egea pide que se suspendan de inmediato todos los planes para construir o poner en funcionamiento un nuevo centro de internamiento de personas migrantes en Lesbos.<\/p>\n\t\t<\/div>\n\t\t\t\t<\/div>\n\t\t\t\t<\/article>\n\t\t\t\t<article class=\"elementor-post elementor-grid-item post-41482 post type-post status-publish format-standard has-post-thumbnail hentry category-kurdistan-es\" role=\"listitem\">\n\t\t\t\t<a class=\"elementor-post__thumbnail__link\" href=\"https:\/\/cpt.org\/es\/2026\/04\/28\/a-pesar-del-alto-el-fuego-iran-y-los-grupos-afines-siguen-lanzando-ataques-contra-la-region-del-kurdistan-de-irak\" tabindex=\"-1\" >\n\t\t\t<div class=\"elementor-post__thumbnail\"><img decoding=\"async\" width=\"768\" height=\"576\" src=\"https:\/\/cpt.org\/wp-content\/uploads\/260424-IK-768x576.jpg\" class=\"attachment-medium_large size-medium_large wp-image-41481\" alt=\"A man walks over rubble\" srcset=\"https:\/\/cpt.org\/wp-content\/uploads\/260424-IK-768x576.jpg 768w, https:\/\/cpt.org\/wp-content\/uploads\/260424-IK-300x225.jpg 300w, https:\/\/cpt.org\/wp-content\/uploads\/260424-IK.jpg 960w\" sizes=\"(max-width: 768px) 100vw, 768px\" \/><\/div>\n\t\t<\/a>\n\t\t\t\t<div class=\"elementor-post__text\">\n\t\t\t\t<h3 class=\"elementor-post__title\">\n\t\t\t<a href=\"https:\/\/cpt.org\/es\/2026\/04\/28\/a-pesar-del-alto-el-fuego-iran-y-los-grupos-afines-siguen-lanzando-ataques-contra-la-region-del-kurdistan-de-irak\" >\n\t\t\t\tA pesar del alto el fuego, Ir\u00e1n y los grupos afines siguen lanzando ataques contra la Regi\u00f3n del Kurdist\u00e1n de Irak\t\t\t<\/a>\n\t\t<\/h3>\n\t\t\t\t<div class=\"elementor-post__meta-data\">\n\t\t\t\t\t<span class=\"elementor-post-author\">\n\t\t\tCPT Iraqi Kurdistan\t\t<\/span>\n\t\t\t\t<span class=\"elementor-post-date\">\n\t\t\t28 de abril de 2026\t\t<\/span>\n\t\t\t\t<\/div>\n\t\t\t\t<div class=\"elementor-post__excerpt\">\n\t\t\t<p>Tras la escalada del conflicto y el inicio de los ataques conjuntos de Estados Unidos e Israel contra Ir\u00e1n el 28 de febrero del 2026, la Regi\u00f3n del Kurdist\u00e1n Iraqu\u00ed ha sufrido continuos ataques con drones y misiles perpetrados por el Cuerpo de la Guardia Revolucionaria Isl\u00e1mica (CGRI) y grupos afiliados que operan en Irak.<\/p>\n\t\t<\/div>\n\t\t\t\t<\/div>\n\t\t\t\t<\/article>\n\t\t\t\t<article class=\"elementor-post elementor-grid-item post-41479 post type-post status-publish format-standard has-post-thumbnail hentry category-red-de-solidaridad-de-la-isla-tortuga tag-oraciones-por-les-trabajadores-de-paz\" role=\"listitem\">\n\t\t\t\t<a class=\"elementor-post__thumbnail__link\" href=\"https:\/\/cpt.org\/es\/2026\/04\/28\/oremos-por-nuestra-tierra-en-peligro\" tabindex=\"-1\" >\n\t\t\t<div class=\"elementor-post__thumbnail\"><img loading=\"lazy\" decoding=\"async\" width=\"768\" height=\"576\" src=\"https:\/\/cpt.org\/wp-content\/uploads\/260424-TISN-1-768x576.jpg\" class=\"attachment-medium_large size-medium_large wp-image-41478\" alt=\"People protesting outside an MPs office\" srcset=\"https:\/\/cpt.org\/wp-content\/uploads\/260424-TISN-1-768x576.jpg 768w, https:\/\/cpt.org\/wp-content\/uploads\/260424-TISN-1-300x225.jpg 300w, https:\/\/cpt.org\/wp-content\/uploads\/260424-TISN-1-1024x768.jpg 1024w, https:\/\/cpt.org\/wp-content\/uploads\/260424-TISN-1-1536x1152.jpg 1536w, https:\/\/cpt.org\/wp-content\/uploads\/260424-TISN-1.jpg 1565w\" sizes=\"(max-width: 768px) 100vw, 768px\" \/><\/div>\n\t\t<\/a>\n\t\t\t\t<div class=\"elementor-post__text\">\n\t\t\t\t<h3 class=\"elementor-post__title\">\n\t\t\t<a href=\"https:\/\/cpt.org\/es\/2026\/04\/28\/oremos-por-nuestra-tierra-en-peligro\" >\n\t\t\t\tOremos Por Nuestra Tierra En Peligro\t\t\t<\/a>\n\t\t<\/h3>\n\t\t\t\t<div class=\"elementor-post__meta-data\">\n\t\t\t\t\t<span class=\"elementor-post-author\">\n\t\t\tCPT Turtle Island Solidarity Network\t\t<\/span>\n\t\t\t\t<span class=\"elementor-post-date\">\n\t\t\t28 de abril de 2026\t\t<\/span>\n\t\t\t\t<\/div>\n\t\t\t\t<div class=\"elementor-post__excerpt\">\n\t\t\t<p>El 22 de abril, personas de todo el mundo celebran el D\u00eda de la Tierra. Este a\u00f1o, parece que muchas de las pol\u00edticas medioambientales de<\/p>\n\t\t<\/div>\n\t\t\t\t<\/div>\n\t\t\t\t<\/article>\n\t\t\t\t<article class=\"elementor-post elementor-grid-item post-41453 post type-post status-publish format-standard has-post-thumbnail hentry category-colombia-es tag-oraciones-por-les-trabajadores-de-paz\" role=\"listitem\">\n\t\t\t\t<a class=\"elementor-post__thumbnail__link\" href=\"https:\/\/cpt.org\/es\/2026\/04\/22\/manos-que-navegan-una-oracion-por-la-infancia-del-magdalena-medio\" tabindex=\"-1\" >\n\t\t\t<div class=\"elementor-post__thumbnail\"><img loading=\"lazy\" decoding=\"async\" width=\"768\" height=\"576\" src=\"https:\/\/cpt.org\/wp-content\/uploads\/260422-Colombia-768x576.png\" class=\"attachment-medium_large size-medium_large wp-image-41452\" alt=\"Children playing\" srcset=\"https:\/\/cpt.org\/wp-content\/uploads\/260422-Colombia-768x576.png 768w, https:\/\/cpt.org\/wp-content\/uploads\/260422-Colombia-300x225.png 300w, https:\/\/cpt.org\/wp-content\/uploads\/260422-Colombia-1024x768.png 1024w, https:\/\/cpt.org\/wp-content\/uploads\/260422-Colombia-1536x1152.png 1536w, https:\/\/cpt.org\/wp-content\/uploads\/260422-Colombia.png 1600w\" sizes=\"(max-width: 768px) 100vw, 768px\" \/><\/div>\n\t\t<\/a>\n\t\t\t\t<div class=\"elementor-post__text\">\n\t\t\t\t<h3 class=\"elementor-post__title\">\n\t\t\t<a href=\"https:\/\/cpt.org\/es\/2026\/04\/22\/manos-que-navegan-una-oracion-por-la-infancia-del-magdalena-medio\" >\n\t\t\t\tManos que Navegan: Una Oraci\u00f3n por la Infancia del Magdalena Medio\t\t\t<\/a>\n\t\t<\/h3>\n\t\t\t\t<div class=\"elementor-post__meta-data\">\n\t\t\t\t\t<span class=\"elementor-post-author\">\n\t\t\tCPT Colombia\t\t<\/span>\n\t\t\t\t<span class=\"elementor-post-date\">\n\t\t\t22 de abril de 2026\t\t<\/span>\n\t\t\t\t<\/div>\n\t\t\t\t<div class=\"elementor-post__excerpt\">\n\t\t\t<p>A trav\u00e9s del teatro, estos ni\u00f1os y ni\u00f1as transforman su realidad para convertirse en una embarcaci\u00f3n colectiva. Al entrelazar sus manos, dan vida a una<\/p>\n\t\t<\/div>\n\t\t\t\t<\/div>\n\t\t\t\t<\/article>\n\t\t\t\t<article class=\"elementor-post elementor-grid-item post-41447 post type-post status-publish format-standard has-post-thumbnail hentry category-kurdistan-es\" role=\"listitem\">\n\t\t\t\t<a class=\"elementor-post__thumbnail__link\" href=\"https:\/\/cpt.org\/es\/2026\/04\/22\/un-mes-de-ataques-vinculados-a-iran-en-la-region-del-kurdistan-iraqui\" tabindex=\"-1\" >\n\t\t\t<div class=\"elementor-post__thumbnail\"><img loading=\"lazy\" decoding=\"async\" width=\"768\" height=\"576\" src=\"https:\/\/cpt.org\/wp-content\/uploads\/260401-IK-768x576.jpg\" class=\"attachment-medium_large size-medium_large wp-image-41446\" alt=\"Smoke rising in the distance\" srcset=\"https:\/\/cpt.org\/wp-content\/uploads\/260401-IK-768x576.jpg 768w, https:\/\/cpt.org\/wp-content\/uploads\/260401-IK-300x225.jpg 300w, https:\/\/cpt.org\/wp-content\/uploads\/260401-IK.jpg 855w\" sizes=\"(max-width: 768px) 100vw, 768px\" \/><\/div>\n\t\t<\/a>\n\t\t\t\t<div class=\"elementor-post__text\">\n\t\t\t\t<h3 class=\"elementor-post__title\">\n\t\t\t<a href=\"https:\/\/cpt.org\/es\/2026\/04\/22\/un-mes-de-ataques-vinculados-a-iran-en-la-region-del-kurdistan-iraqui\" >\n\t\t\t\tUn mes de ataques vinculados a Ir\u00e1n en la regi\u00f3n del Kurdist\u00e1n Iraqu\u00ed\t\t\t<\/a>\n\t\t<\/h3>\n\t\t\t\t<div class=\"elementor-post__meta-data\">\n\t\t\t\t\t<span class=\"elementor-post-author\">\n\t\t\tCPT Iraqi Kurdistan\t\t<\/span>\n\t\t\t\t<span class=\"elementor-post-date\">\n\t\t\t22 de abril de 2026\t\t<\/span>\n\t\t\t\t<\/div>\n\t\t\t\t<div class=\"elementor-post__excerpt\">\n\t\t\t<p>Desde el inicio de la guerra de Estados Unidos e Israel contra Ir\u00e1n, 14 personas han perdido la vida y 93 han resultado heridas en el Kurdist\u00e1n Iraqu\u00ed.<\/p>\n\t\t<\/div>\n\t\t\t\t<\/div>\n\t\t\t\t<\/article>\n\t\t\t\t<article class=\"elementor-post elementor-grid-item post-41415 post type-post status-publish format-standard has-post-thumbnail hentry category-palestina tag-oraciones-por-les-trabajadores-de-paz\" role=\"listitem\">\n\t\t\t\t<a class=\"elementor-post__thumbnail__link\" href=\"https:\/\/cpt.org\/es\/2026\/04\/15\/las-personas-palestinas-presas-y-la-pena-de-muerte\" tabindex=\"-1\" >\n\t\t\t<div class=\"elementor-post__thumbnail\"><img loading=\"lazy\" decoding=\"async\" width=\"768\" height=\"512\" src=\"https:\/\/cpt.org\/wp-content\/uploads\/240523-Palestine-Mymwna-768x512.jpg\" class=\"attachment-medium_large size-medium_large wp-image-36481\" alt=\"Three Israeli soldiers patrol the streets in Hebron.\" srcset=\"https:\/\/cpt.org\/wp-content\/uploads\/240523-Palestine-Mymwna-768x512.jpg 768w, https:\/\/cpt.org\/wp-content\/uploads\/240523-Palestine-Mymwna-300x200.jpg 300w, https:\/\/cpt.org\/wp-content\/uploads\/240523-Palestine-Mymwna-1024x682.jpg 1024w, https:\/\/cpt.org\/wp-content\/uploads\/240523-Palestine-Mymwna-1536x1024.jpg 1536w, https:\/\/cpt.org\/wp-content\/uploads\/240523-Palestine-Mymwna.jpg 2000w\" sizes=\"(max-width: 768px) 100vw, 768px\" \/><\/div>\n\t\t<\/a>\n\t\t\t\t<div class=\"elementor-post__text\">\n\t\t\t\t<h3 class=\"elementor-post__title\">\n\t\t\t<a href=\"https:\/\/cpt.org\/es\/2026\/04\/15\/las-personas-palestinas-presas-y-la-pena-de-muerte\" >\n\t\t\t\tLas personas palestinas presas y la pena de muerte\t\t\t<\/a>\n\t\t<\/h3>\n\t\t\t\t<div class=\"elementor-post__meta-data\">\n\t\t\t\t\t<span class=\"elementor-post-author\">\n\t\t\tCPT Palestine\t\t<\/span>\n\t\t\t\t<span class=\"elementor-post-date\">\n\t\t\t15 de abril de 2026\t\t<\/span>\n\t\t\t\t<\/div>\n\t\t\t\t<div class=\"elementor-post__excerpt\">\n\t\t\t<p>Las decisiones arbitrarias impuestas a las personas palestinas presas, la denegaci\u00f3n de asistencia m\u00e9dica, la restricci\u00f3n de las visitas familiares y la privaci\u00f3n de una<\/p>\n\t\t<\/div>\n\t\t\t\t<\/div>\n\t\t\t\t<\/article>\n\t\t\t\t<article class=\"elementor-post elementor-grid-item post-41388 post type-post status-publish format-standard has-post-thumbnail hentry category-tierras-fronterizas tag-oraciones-por-les-trabajadores-de-paz\" role=\"listitem\">\n\t\t\t\t<a class=\"elementor-post__thumbnail__link\" href=\"https:\/\/cpt.org\/es\/2026\/04\/07\/el-cine-y-la-resiliencia\" tabindex=\"-1\" >\n\t\t\t<div class=\"elementor-post__thumbnail\"><img loading=\"lazy\" decoding=\"async\" width=\"768\" height=\"576\" src=\"https:\/\/cpt.org\/wp-content\/uploads\/260406-Borderlands-768x576.jpg\" class=\"attachment-medium_large size-medium_large wp-image-41387\" alt=\"Jack and Linda Knox pose for a picture\" srcset=\"https:\/\/cpt.org\/wp-content\/uploads\/260406-Borderlands-768x576.jpg 768w, https:\/\/cpt.org\/wp-content\/uploads\/260406-Borderlands-300x225.jpg 300w, https:\/\/cpt.org\/wp-content\/uploads\/260406-Borderlands.jpg 990w\" sizes=\"(max-width: 768px) 100vw, 768px\" \/><\/div>\n\t\t<\/a>\n\t\t\t\t<div class=\"elementor-post__text\">\n\t\t\t\t<h3 class=\"elementor-post__title\">\n\t\t\t<a href=\"https:\/\/cpt.org\/es\/2026\/04\/07\/el-cine-y-la-resiliencia\" >\n\t\t\t\tEl cine y la resiliencia\t\t\t<\/a>\n\t\t<\/h3>\n\t\t\t\t<div class=\"elementor-post__meta-data\">\n\t\t\t\t\t<span class=\"elementor-post-author\">\n\t\t\tCPT Borderlands\t\t<\/span>\n\t\t\t\t<span class=\"elementor-post-date\">\n\t\t\t7 de abril de 2026\t\t<\/span>\n\t\t\t\t<\/div>\n\t\t\t\t<div class=\"elementor-post__excerpt\">\n\t\t\t<p>\u201cTodo el mundo deber\u00eda ver esta pel\u00edcula\u201d. \u201cEs una historia conmovedora sobre las familias migrantes y lo que han tenido que pasar\u201d. \u201cEs el documental<\/p>\n\t\t<\/div>\n\t\t\t\t<\/div>\n\t\t\t\t<\/article>\n\t\t\t\t<article class=\"elementor-post elementor-grid-item post-41368 post type-post status-publish format-standard has-post-thumbnail hentry category-migrantes-en-la-region-egea tag-oraciones-por-les-trabajadores-de-paz\" role=\"listitem\">\n\t\t\t\t<a class=\"elementor-post__thumbnail__link\" href=\"https:\/\/cpt.org\/es\/2026\/04\/01\/hasta-cuando-vamos-a-dejar-que-el-miedo-domine-nuestros-corazones\" tabindex=\"-1\" >\n\t\t\t<div class=\"elementor-post__thumbnail\"><img loading=\"lazy\" decoding=\"async\" width=\"768\" height=\"576\" src=\"https:\/\/cpt.org\/wp-content\/uploads\/260331-AMS-3-768x576.jpg\" class=\"attachment-medium_large size-medium_large wp-image-41367\" alt=\"A Coast Guard ship in the distance\" srcset=\"https:\/\/cpt.org\/wp-content\/uploads\/260331-AMS-3-768x576.jpg 768w, https:\/\/cpt.org\/wp-content\/uploads\/260331-AMS-3-300x225.jpg 300w, https:\/\/cpt.org\/wp-content\/uploads\/260331-AMS-3-1024x768.jpg 1024w, https:\/\/cpt.org\/wp-content\/uploads\/260331-AMS-3.jpg 1421w\" sizes=\"(max-width: 768px) 100vw, 768px\" \/><\/div>\n\t\t<\/a>\n\t\t\t\t<div class=\"elementor-post__text\">\n\t\t\t\t<h3 class=\"elementor-post__title\">\n\t\t\t<a href=\"https:\/\/cpt.org\/es\/2026\/04\/01\/hasta-cuando-vamos-a-dejar-que-el-miedo-domine-nuestros-corazones\" >\n\t\t\t\t\u00bfHasta cu\u00e1ndo vamos a dejar que el miedo domine nuestros corazones?\t\t\t<\/a>\n\t\t<\/h3>\n\t\t\t\t<div class=\"elementor-post__meta-data\">\n\t\t\t\t\t<span class=\"elementor-post-author\">\n\t\t\tCPT Aegean Migrant Solidarity\t\t<\/span>\n\t\t\t\t<span class=\"elementor-post-date\">\n\t\t\t1 de abril de 2026\t\t<\/span>\n\t\t\t\t<\/div>\n\t\t\t\t<div class=\"elementor-post__excerpt\">\n\t\t\t<p>Hemos construido una sociedad a modo de fortaleza, en la que \u201cel otro o la otra\u201d ya no es un hermano ni una hermana. Hemos<\/p>\n\t\t<\/div>\n\t\t\t\t<\/div>\n\t\t\t\t<\/article>\n\t\t\t\t<article class=\"elementor-post elementor-grid-item post-41359 post type-post status-publish format-standard has-post-thumbnail hentry category-palestina\" role=\"listitem\">\n\t\t\t\t<a class=\"elementor-post__thumbnail__link\" href=\"https:\/\/cpt.org\/es\/2026\/03\/31\/el-ramadan-es-un-espacio-de-encuentro-espiritual-en-la-ciudad-antigua-de-al-khalil\" tabindex=\"-1\" >\n\t\t\t<div class=\"elementor-post__thumbnail\"><img loading=\"lazy\" decoding=\"async\" width=\"768\" height=\"576\" src=\"https:\/\/cpt.org\/wp-content\/uploads\/260309-Palestine-768x576.jpg\" class=\"attachment-medium_large size-medium_large wp-image-41358\" alt=\"a busy marketplace\" srcset=\"https:\/\/cpt.org\/wp-content\/uploads\/260309-Palestine-768x576.jpg 768w, https:\/\/cpt.org\/wp-content\/uploads\/260309-Palestine-300x225.jpg 300w, https:\/\/cpt.org\/wp-content\/uploads\/260309-Palestine-1024x768.jpg 1024w, https:\/\/cpt.org\/wp-content\/uploads\/260309-Palestine-1536x1152.jpg 1536w, https:\/\/cpt.org\/wp-content\/uploads\/260309-Palestine.jpg 2000w\" sizes=\"(max-width: 768px) 100vw, 768px\" \/><\/div>\n\t\t<\/a>\n\t\t\t\t<div class=\"elementor-post__text\">\n\t\t\t\t<h3 class=\"elementor-post__title\">\n\t\t\t<a href=\"https:\/\/cpt.org\/es\/2026\/03\/31\/el-ramadan-es-un-espacio-de-encuentro-espiritual-en-la-ciudad-antigua-de-al-khalil\" >\n\t\t\t\tEl Ramad\u00e1n es un espacio de encuentro espiritual en la Ciudad Antigua de Al-Khalil\t\t\t<\/a>\n\t\t<\/h3>\n\t\t\t\t<div class=\"elementor-post__meta-data\">\n\t\t\t\t\t<span class=\"elementor-post-author\">\n\t\t\tCPT Palestine\t\t<\/span>\n\t\t\t\t<span class=\"elementor-post-date\">\n\t\t\t31 de marzo de 2026\t\t<\/span>\n\t\t\t\t<\/div>\n\t\t\t\t<div class=\"elementor-post__excerpt\">\n\t\t\t<p>El Ramad\u00e1n transforma la Ciudad Antigua de Hebr\u00f3n en un espacio de oraci\u00f3n, comercio y silenciosa resistencia, donde la fe perdura a pesar de las restricciones.<\/p>\n\t\t<\/div>\n\t\t\t\t<\/div>\n\t\t\t\t<\/article>\n\t\t\t\t<article class=\"elementor-post elementor-grid-item post-41356 post type-post status-publish format-standard has-post-thumbnail hentry category-migrantes-en-la-region-egea\" role=\"listitem\">\n\t\t\t\t<a class=\"elementor-post__thumbnail__link\" href=\"https:\/\/cpt.org\/es\/2026\/03\/31\/gestion-de-fronteras-muerte-y-criminalizacion\" tabindex=\"-1\" >\n\t\t\t<div class=\"elementor-post__thumbnail\"><img loading=\"lazy\" decoding=\"async\" width=\"768\" height=\"576\" src=\"https:\/\/cpt.org\/wp-content\/uploads\/260327-AMS-768x576.jpg\" class=\"attachment-medium_large size-medium_large wp-image-41355\" alt=\"Coast Guard ships in the distance\" srcset=\"https:\/\/cpt.org\/wp-content\/uploads\/260327-AMS-768x576.jpg 768w, https:\/\/cpt.org\/wp-content\/uploads\/260327-AMS-300x225.jpg 300w, https:\/\/cpt.org\/wp-content\/uploads\/260327-AMS-1024x767.jpg 1024w, https:\/\/cpt.org\/wp-content\/uploads\/260327-AMS-1536x1151.jpg 1536w, https:\/\/cpt.org\/wp-content\/uploads\/260327-AMS.jpg 1600w\" sizes=\"(max-width: 768px) 100vw, 768px\" \/><\/div>\n\t\t<\/a>\n\t\t\t\t<div class=\"elementor-post__text\">\n\t\t\t\t<h3 class=\"elementor-post__title\">\n\t\t\t<a href=\"https:\/\/cpt.org\/es\/2026\/03\/31\/gestion-de-fronteras-muerte-y-criminalizacion\" >\n\t\t\t\t\u201cGesti\u00f3n de fronteras\u201d: muerte y criminalizaci\u00f3n\t\t\t<\/a>\n\t\t<\/h3>\n\t\t\t\t<div class=\"elementor-post__meta-data\">\n\t\t\t\t\t<span class=\"elementor-post-author\">\n\t\t\tCPT Aegean Migrant Solidarity\t\t<\/span>\n\t\t\t\t<span class=\"elementor-post-date\">\n\t\t\t31 de marzo de 2026\t\t<\/span>\n\t\t\t\t<\/div>\n\t\t\t\t<div class=\"elementor-post__excerpt\">\n\t\t\t<p>El mes pasado comenz\u00f3 con otro naufragio m\u00e1s en el mar Egeo. La Guardia Costera griega fue la responsable, esta vez en Qu\u00edos. Una vez m\u00e1s, fuimos testigos de las consecuencias de la criminalizaci\u00f3n de la migraci\u00f3n y de la violencia fronteriza que la acompa\u00f1a.<\/p>\n\t\t<\/div>\n\t\t\t\t<\/div>\n\t\t\t\t<\/article>\n\t\t\t\t<article class=\"elementor-post elementor-grid-item post-41311 post type-post status-publish format-standard has-post-thumbnail hentry category-palestina\" role=\"listitem\">\n\t\t\t\t<a class=\"elementor-post__thumbnail__link\" href=\"https:\/\/cpt.org\/es\/2026\/03\/30\/al-khalil-las-facetas-desconocidas-de-hebron\" tabindex=\"-1\" >\n\t\t\t<div class=\"elementor-post__thumbnail\"><img loading=\"lazy\" decoding=\"async\" width=\"768\" height=\"576\" src=\"https:\/\/cpt.org\/wp-content\/uploads\/260316-Palestine-2-1-768x576.jpg\" class=\"attachment-medium_large size-medium_large wp-image-41310\" alt=\"a cityscape\" srcset=\"https:\/\/cpt.org\/wp-content\/uploads\/260316-Palestine-2-1-768x576.jpg 768w, https:\/\/cpt.org\/wp-content\/uploads\/260316-Palestine-2-1-300x225.jpg 300w, https:\/\/cpt.org\/wp-content\/uploads\/260316-Palestine-2-1-1024x768.jpg 1024w, https:\/\/cpt.org\/wp-content\/uploads\/260316-Palestine-2-1-1536x1152.jpg 1536w, https:\/\/cpt.org\/wp-content\/uploads\/260316-Palestine-2-1.jpg 2000w\" sizes=\"(max-width: 768px) 100vw, 768px\" \/><\/div>\n\t\t<\/a>\n\t\t\t\t<div class=\"elementor-post__text\">\n\t\t\t\t<h3 class=\"elementor-post__title\">\n\t\t\t<a href=\"https:\/\/cpt.org\/es\/2026\/03\/30\/al-khalil-las-facetas-desconocidas-de-hebron\" >\n\t\t\t\tAl-Khalil: las facetas desconocidas de Hebr\u00f3n\t\t\t<\/a>\n\t\t<\/h3>\n\t\t\t\t<div class=\"elementor-post__meta-data\">\n\t\t\t\t\t<span class=\"elementor-post-author\">\n\t\t\tShahd Al Junaidi\t\t<\/span>\n\t\t\t\t<span class=\"elementor-post-date\">\n\t\t\t30 de marzo de 2026\t\t<\/span>\n\t\t\t\t<\/div>\n\t\t\t\t<div class=\"elementor-post__excerpt\">\n\t\t\t<p>Para entender Palestina, hay que entender a Hebr\u00f3n<\/p>\n\t\t<\/div>\n\t\t\t\t<\/div>\n\t\t\t\t<\/article>\n\t\t\t\t<article class=\"elementor-post elementor-grid-item post-41287 post type-post status-publish format-standard has-post-thumbnail hentry category-kurdistan-es tag-oraciones-por-les-trabajadores-de-paz\" role=\"listitem\">\n\t\t\t\t<a class=\"elementor-post__thumbnail__link\" href=\"https:\/\/cpt.org\/es\/2026\/03\/26\/las-vistas-desde-el-ruste\" tabindex=\"-1\" >\n\t\t\t<div class=\"elementor-post__thumbnail\"><img loading=\"lazy\" decoding=\"async\" width=\"768\" height=\"576\" src=\"https:\/\/cpt.org\/wp-content\/uploads\/260324-IK-768x576.jpg\" class=\"attachment-medium_large size-medium_large wp-image-41286\" alt=\"A valley\" srcset=\"https:\/\/cpt.org\/wp-content\/uploads\/260324-IK-768x576.jpg 768w, https:\/\/cpt.org\/wp-content\/uploads\/260324-IK-300x225.jpg 300w, https:\/\/cpt.org\/wp-content\/uploads\/260324-IK-1024x768.jpg 1024w, https:\/\/cpt.org\/wp-content\/uploads\/260324-IK-1536x1152.jpg 1536w, https:\/\/cpt.org\/wp-content\/uploads\/260324-IK.jpg 2000w\" sizes=\"(max-width: 768px) 100vw, 768px\" \/><\/div>\n\t\t<\/a>\n\t\t\t\t<div class=\"elementor-post__text\">\n\t\t\t\t<h3 class=\"elementor-post__title\">\n\t\t\t<a href=\"https:\/\/cpt.org\/es\/2026\/03\/26\/las-vistas-desde-el-ruste\" >\n\t\t\t\tLas vistas desde el R\u00fbste\t\t\t<\/a>\n\t\t<\/h3>\n\t\t\t\t<div class=\"elementor-post__meta-data\">\n\t\t\t\t\t<span class=\"elementor-post-author\">\n\t\t\tCPT Iraqi Kurdistan\t\t<\/span>\n\t\t\t\t<span class=\"elementor-post-date\">\n\t\t\t26 de marzo de 2026\t\t<\/span>\n\t\t\t\t<\/div>\n\t\t\t\t<div class=\"elementor-post__excerpt\">\n\t\t\t<p>Mu\u00e9strame esperanza cuando lo \u00fanico que veo es muerte. Millones de vidas extinguidas y cambiadas para siempre. Mu\u00e9strame esperanza cuando lo \u00fanico que veo son<\/p>\n\t\t<\/div>\n\t\t\t\t<\/div>\n\t\t\t\t<\/article>\n\t\t\t\t<article class=\"elementor-post elementor-grid-item post-41272 post type-post status-publish format-standard has-post-thumbnail hentry category-palestina\" role=\"listitem\">\n\t\t\t\t<a class=\"elementor-post__thumbnail__link\" href=\"https:\/\/cpt.org\/es\/2026\/03\/23\/la-vida-en-tiempos-de-guerra-en-cisjordania-ultimas-noticias-sobre-la-guerra-de-eua-e-israel-contra-iran\" tabindex=\"-1\" >\n\t\t\t<div class=\"elementor-post__thumbnail\"><img loading=\"lazy\" decoding=\"async\" width=\"768\" height=\"512\" src=\"https:\/\/cpt.org\/wp-content\/uploads\/230223-Palestine-Louis-Bockner-768x512.jpg\" class=\"attachment-medium_large size-medium_large wp-image-31371\" alt=\"Palestinians wait to be let through Israeli checkpoints. A soldier is visible through the rungs of the turnstile.\" srcset=\"https:\/\/cpt.org\/wp-content\/uploads\/230223-Palestine-Louis-Bockner-768x512.jpg 768w, https:\/\/cpt.org\/wp-content\/uploads\/230223-Palestine-Louis-Bockner-300x200.jpg 300w, https:\/\/cpt.org\/wp-content\/uploads\/230223-Palestine-Louis-Bockner-1024x683.jpg 1024w, https:\/\/cpt.org\/wp-content\/uploads\/230223-Palestine-Louis-Bockner-1536x1024.jpg 1536w, https:\/\/cpt.org\/wp-content\/uploads\/230223-Palestine-Louis-Bockner-2048x1365.jpg 2048w\" sizes=\"(max-width: 768px) 100vw, 768px\" \/><\/div>\n\t\t<\/a>\n\t\t\t\t<div class=\"elementor-post__text\">\n\t\t\t\t<h3 class=\"elementor-post__title\">\n\t\t\t<a href=\"https:\/\/cpt.org\/es\/2026\/03\/23\/la-vida-en-tiempos-de-guerra-en-cisjordania-ultimas-noticias-sobre-la-guerra-de-eua-e-israel-contra-iran\" >\n\t\t\t\tLa vida en tiempos de guerra en Cisjordania: \u00faltimas noticias sobre la guerra de EUA e Israel contra Ir\u00e1n\t\t\t<\/a>\n\t\t<\/h3>\n\t\t\t\t<div class=\"elementor-post__meta-data\">\n\t\t\t\t\t<span class=\"elementor-post-author\">\n\t\t\tCPT Palestine\t\t<\/span>\n\t\t\t\t<span class=\"elementor-post-date\">\n\t\t\t23 de marzo de 2026\t\t<\/span>\n\t\t\t\t<\/div>\n\t\t\t\t<div class=\"elementor-post__excerpt\">\n\t\t\t<p>Tras dos semanas de guerra de EUA e Israel contra Ir\u00e1n, ECAP Palestina ofrece informaci\u00f3n actualizada sobre c\u00f3mo \u00e9sta ha afectado a la situaci\u00f3n en Cisjordania.<\/p>\n\t\t<\/div>\n\t\t\t\t<\/div>\n\t\t\t\t<\/article>\n\t\t\t\t<article class=\"elementor-post elementor-grid-item post-41270 post type-post status-publish format-standard has-post-thumbnail hentry category-kurdistan-es\" role=\"listitem\">\n\t\t\t\t<a class=\"elementor-post__thumbnail__link\" href=\"https:\/\/cpt.org\/es\/2026\/03\/23\/intensificacion-de-los-ataques-contra-la-region-del-kurdistan-iraqui\" tabindex=\"-1\" >\n\t\t\t<div class=\"elementor-post__thumbnail\"><img loading=\"lazy\" decoding=\"async\" width=\"576\" height=\"432\" src=\"https:\/\/cpt.org\/wp-content\/uploads\/260312-IK.jpg\" class=\"attachment-medium_large size-medium_large wp-image-41269\" alt=\"A man walks in front of smouldering land\" srcset=\"https:\/\/cpt.org\/wp-content\/uploads\/260312-IK.jpg 576w, https:\/\/cpt.org\/wp-content\/uploads\/260312-IK-300x225.jpg 300w\" sizes=\"(max-width: 576px) 100vw, 576px\" \/><\/div>\n\t\t<\/a>\n\t\t\t\t<div class=\"elementor-post__text\">\n\t\t\t\t<h3 class=\"elementor-post__title\">\n\t\t\t<a href=\"https:\/\/cpt.org\/es\/2026\/03\/23\/intensificacion-de-los-ataques-contra-la-region-del-kurdistan-iraqui\" >\n\t\t\t\tIntensificaci\u00f3n de los ataques contra la Regi\u00f3n del Kurdist\u00e1n Iraqu\u00ed\t\t\t<\/a>\n\t\t<\/h3>\n\t\t\t\t<div class=\"elementor-post__meta-data\">\n\t\t\t\t\t<span class=\"elementor-post-author\">\n\t\t\tCPT Iraqi Kurdistan\t\t<\/span>\n\t\t\t\t<span class=\"elementor-post-date\">\n\t\t\t23 de marzo de 2026\t\t<\/span>\n\t\t\t\t<\/div>\n\t\t\t\t<div class=\"elementor-post__excerpt\">\n\t\t\t<p>Entre el 28 de febrero, fecha en la que Estados Unidos e Israel lanzaron los primeros ataques contra Ir\u00e1n, y el 8 de marzo, ECAP Kurdist\u00e1n Iraqu\u00ed registr\u00f3 196 ataques en la regi\u00f3n perpetrados por Ir\u00e1n y los grupos afines a este.<\/p>\n\t\t<\/div>\n\t\t\t\t<\/div>\n\t\t\t\t<\/article>\n\t\t\t\t<article class=\"elementor-post elementor-grid-item post-41267 post type-post status-publish format-standard has-post-thumbnail hentry category-kurdistan-es\" role=\"listitem\">\n\t\t\t\t<a class=\"elementor-post__thumbnail__link\" href=\"https:\/\/cpt.org\/es\/2026\/03\/23\/continuan-los-ataques-contra-la-region-del-kurdistan-iraqui-mientras-aumenta-el-numero-de-victimas-civiles\" tabindex=\"-1\" >\n\t\t\t<div class=\"elementor-post__thumbnail\"><img loading=\"lazy\" decoding=\"async\" width=\"768\" height=\"576\" src=\"https:\/\/cpt.org\/wp-content\/uploads\/260318-IK-1-768x576.jpg\" class=\"attachment-medium_large size-medium_large wp-image-41266\" alt=\"an explosion in the distance\" srcset=\"https:\/\/cpt.org\/wp-content\/uploads\/260318-IK-1-768x576.jpg 768w, https:\/\/cpt.org\/wp-content\/uploads\/260318-IK-1-300x225.jpg 300w, https:\/\/cpt.org\/wp-content\/uploads\/260318-IK-1.jpg 828w\" sizes=\"(max-width: 768px) 100vw, 768px\" \/><\/div>\n\t\t<\/a>\n\t\t\t\t<div class=\"elementor-post__text\">\n\t\t\t\t<h3 class=\"elementor-post__title\">\n\t\t\t<a href=\"https:\/\/cpt.org\/es\/2026\/03\/23\/continuan-los-ataques-contra-la-region-del-kurdistan-iraqui-mientras-aumenta-el-numero-de-victimas-civiles\" >\n\t\t\t\tContin\u00faan los ataques contra la Regi\u00f3n del Kurdist\u00e1n Iraqu\u00ed, mientras aumenta el n\u00famero de v\u00edctimas civiles\t\t\t<\/a>\n\t\t<\/h3>\n\t\t\t\t<div class=\"elementor-post__meta-data\">\n\t\t\t\t\t<span class=\"elementor-post-author\">\n\t\t\tCPT Iraqi Kurdistan\t\t<\/span>\n\t\t\t\t<span class=\"elementor-post-date\">\n\t\t\t23 de marzo de 2026\t\t<\/span>\n\t\t\t\t<\/div>\n\t\t\t\t<div class=\"elementor-post__excerpt\">\n\t\t\t<p>Los 307 ataques perpetrados por el Cuerpo de la Guardia Revolucionaria Isl\u00e1mica (IRGC, por sus siglas en ingl\u00e9s) y grupos afiliados desde el 28 de febrero han dejado un saldo de 8 personas muertas y 51 heridas.<\/p>\n\t\t<\/div>\n\t\t\t\t<\/div>\n\t\t\t\t<\/article>\n\t\t\t\t<article class=\"elementor-post elementor-grid-item post-41249 post type-post status-publish format-standard has-post-thumbnail hentry category-red-de-solidaridad-de-la-isla-tortuga tag-oraciones-por-les-trabajadores-de-paz\" role=\"listitem\">\n\t\t\t\t<a class=\"elementor-post__thumbnail__link\" href=\"https:\/\/cpt.org\/es\/2026\/03\/17\/el-trabajo-de-las-mujeres-es-un-trabajo-sagrado\" tabindex=\"-1\" >\n\t\t\t<div class=\"elementor-post__thumbnail\"><img loading=\"lazy\" decoding=\"async\" width=\"768\" height=\"576\" src=\"https:\/\/cpt.org\/wp-content\/uploads\/260316-TISN-768x576.jpg\" class=\"attachment-medium_large size-medium_large wp-image-41248\" alt=\"Two people drumming\" srcset=\"https:\/\/cpt.org\/wp-content\/uploads\/260316-TISN-768x576.jpg 768w, https:\/\/cpt.org\/wp-content\/uploads\/260316-TISN-300x225.jpg 300w, https:\/\/cpt.org\/wp-content\/uploads\/260316-TISN-1024x768.jpg 1024w, https:\/\/cpt.org\/wp-content\/uploads\/260316-TISN.jpg 1536w\" sizes=\"(max-width: 768px) 100vw, 768px\" \/><\/div>\n\t\t<\/a>\n\t\t\t\t<div class=\"elementor-post__text\">\n\t\t\t\t<h3 class=\"elementor-post__title\">\n\t\t\t<a href=\"https:\/\/cpt.org\/es\/2026\/03\/17\/el-trabajo-de-las-mujeres-es-un-trabajo-sagrado\" >\n\t\t\t\tEl trabajo de las mujeres es un trabajo sagrado\t\t\t<\/a>\n\t\t<\/h3>\n\t\t\t\t<div class=\"elementor-post__meta-data\">\n\t\t\t\t\t<span class=\"elementor-post-author\">\n\t\t\tCPT Turtle Island Solidarity Network\t\t<\/span>\n\t\t\t\t<span class=\"elementor-post-date\">\n\t\t\t17 de marzo de 2026\t\t<\/span>\n\t\t\t\t<\/div>\n\t\t\t\t<div class=\"elementor-post__excerpt\">\n\t\t\t<p>El 8 de marzo, muches de nosotres celebramos el D\u00eda Internacional de la Mujer. Cuando volv\u00ed a casa despu\u00e9s de la misa, mi compa\u00f1ero de<\/p>\n\t\t<\/div>\n\t\t\t\t<\/div>\n\t\t\t\t<\/article>\n\t\t\t\t<article class=\"elementor-post elementor-grid-item post-41200 post type-post status-publish format-standard has-post-thumbnail hentry category-colombia-es tag-oraciones-por-les-trabajadores-de-paz\" role=\"listitem\">\n\t\t\t\t<a class=\"elementor-post__thumbnail__link\" href=\"https:\/\/cpt.org\/es\/2026\/03\/10\/una-oracion-por-colombia-en-tiempos-decisivos\" tabindex=\"-1\" >\n\t\t\t<div class=\"elementor-post__thumbnail\"><img loading=\"lazy\" decoding=\"async\" width=\"768\" height=\"576\" src=\"https:\/\/cpt.org\/wp-content\/uploads\/260310-Colombia-2-768x576.jpg\" class=\"attachment-medium_large size-medium_large wp-image-41199\" alt=\"A woman speaking at an assembly\" srcset=\"https:\/\/cpt.org\/wp-content\/uploads\/260310-Colombia-2-768x576.jpg 768w, https:\/\/cpt.org\/wp-content\/uploads\/260310-Colombia-2-300x225.jpg 300w, https:\/\/cpt.org\/wp-content\/uploads\/260310-Colombia-2-1024x768.jpg 1024w, https:\/\/cpt.org\/wp-content\/uploads\/260310-Colombia-2-1536x1152.jpg 1536w, https:\/\/cpt.org\/wp-content\/uploads\/260310-Colombia-2.jpg 2000w\" sizes=\"(max-width: 768px) 100vw, 768px\" \/><\/div>\n\t\t<\/a>\n\t\t\t\t<div class=\"elementor-post__text\">\n\t\t\t\t<h3 class=\"elementor-post__title\">\n\t\t\t<a href=\"https:\/\/cpt.org\/es\/2026\/03\/10\/una-oracion-por-colombia-en-tiempos-decisivos\" >\n\t\t\t\tUna oraci\u00f3n por Colombia en tiempos decisivos\t\t\t<\/a>\n\t\t<\/h3>\n\t\t\t\t<div class=\"elementor-post__meta-data\">\n\t\t\t\t\t<span class=\"elementor-post-author\">\n\t\t\tCPT Colombia\t\t<\/span>\n\t\t\t\t<span class=\"elementor-post-date\">\n\t\t\t10 de marzo de 2026\t\t<\/span>\n\t\t\t\t<\/div>\n\t\t\t\t<div class=\"elementor-post__excerpt\">\n\t\t\t<p>Este a\u00f1o Colombia atraviesa un momento decisivo. En los pr\u00f3ximos meses el pa\u00eds elegir\u00e1 Congreso, Juntas de Acci\u00f3n Comunal y Presidencia, no son simplemente fechas<\/p>\n\t\t<\/div>\n\t\t\t\t<\/div>\n\t\t\t\t<\/article>\n\t\t\t\t<article class=\"elementor-post elementor-grid-item post-41194 post type-post status-publish format-standard has-post-thumbnail hentry category-colombia-es tag-featured-es\" role=\"listitem\">\n\t\t\t\t<a class=\"elementor-post__thumbnail__link\" href=\"https:\/\/cpt.org\/es\/2026\/03\/10\/las-americas-en-la-encrucijada-contra-la-militarizacion-del-hemisferio\" tabindex=\"-1\" >\n\t\t\t<div class=\"elementor-post__thumbnail\"><img loading=\"lazy\" decoding=\"async\" width=\"768\" height=\"576\" src=\"https:\/\/cpt.org\/wp-content\/uploads\/260310-Colombia-768x576.jpg\" class=\"attachment-medium_large size-medium_large wp-image-41193\" alt=\"A banner reading &quot;demilitarize life&quot;\" srcset=\"https:\/\/cpt.org\/wp-content\/uploads\/260310-Colombia-768x576.jpg 768w, https:\/\/cpt.org\/wp-content\/uploads\/260310-Colombia-300x225.jpg 300w, https:\/\/cpt.org\/wp-content\/uploads\/260310-Colombia-1024x768.jpg 1024w, https:\/\/cpt.org\/wp-content\/uploads\/260310-Colombia-1536x1152.jpg 1536w, https:\/\/cpt.org\/wp-content\/uploads\/260310-Colombia.jpg 2000w\" sizes=\"(max-width: 768px) 100vw, 768px\" \/><\/div>\n\t\t<\/a>\n\t\t\t\t<div class=\"elementor-post__text\">\n\t\t\t\t<h3 class=\"elementor-post__title\">\n\t\t\t<a href=\"https:\/\/cpt.org\/es\/2026\/03\/10\/las-americas-en-la-encrucijada-contra-la-militarizacion-del-hemisferio\" >\n\t\t\t\tLas Am\u00e9ricas en la encrucijada: contra la militarizaci\u00f3n del hemisferio\t\t\t<\/a>\n\t\t<\/h3>\n\t\t\t\t<div class=\"elementor-post__meta-data\">\n\t\t\t\t\t<span class=\"elementor-post-author\">\n\t\t\tCPT Colombia\t\t<\/span>\n\t\t\t\t<span class=\"elementor-post-date\">\n\t\t\t10 de marzo de 2026\t\t<\/span>\n\t\t\t\t<\/div>\n\t\t\t\t<div class=\"elementor-post__excerpt\">\n\t\t\t<p>En medio de las crecientes tensiones en las Am\u00e9ricas, CPT Colombia reflexiona sobre el intervencionismo estadounidense y la creciente amenaza del imperialismo en Am\u00e9rica Latina.<\/p>\n\t\t<\/div>\n\t\t\t\t<\/div>\n\t\t\t\t<\/article>\n\t\t\t\t<article class=\"elementor-post elementor-grid-item post-41182 post type-post status-publish format-standard has-post-thumbnail hentry category-kurdistan-es tag-featured-es\" role=\"listitem\">\n\t\t\t\t<a class=\"elementor-post__thumbnail__link\" href=\"https:\/\/cpt.org\/es\/2026\/03\/09\/la-fragilidad-de-la-paz-la-expansion-militar-turca-y-los-limitados-resultados-positivos-para-las-aldeas-desplazadas\" tabindex=\"-1\" >\n\t\t\t<div class=\"elementor-post__thumbnail\"><img loading=\"lazy\" decoding=\"async\" width=\"768\" height=\"576\" src=\"https:\/\/cpt.org\/wp-content\/uploads\/260226-IK-768x576.jpg\" class=\"attachment-medium_large size-medium_large wp-image-41181\" alt=\"A helicopter hovers over a hillside\" srcset=\"https:\/\/cpt.org\/wp-content\/uploads\/260226-IK-768x576.jpg 768w, https:\/\/cpt.org\/wp-content\/uploads\/260226-IK-300x225.jpg 300w, https:\/\/cpt.org\/wp-content\/uploads\/260226-IK.jpg 889w\" sizes=\"(max-width: 768px) 100vw, 768px\" \/><\/div>\n\t\t<\/a>\n\t\t\t\t<div class=\"elementor-post__text\">\n\t\t\t\t<h3 class=\"elementor-post__title\">\n\t\t\t<a href=\"https:\/\/cpt.org\/es\/2026\/03\/09\/la-fragilidad-de-la-paz-la-expansion-militar-turca-y-los-limitados-resultados-positivos-para-las-aldeas-desplazadas\" >\n\t\t\t\tLa Fragilidad de la Paz: La expansi\u00f3n militar turca y los limitados resultados positivos para las aldeas desplazadas\t\t\t<\/a>\n\t\t<\/h3>\n\t\t\t\t<div class=\"elementor-post__meta-data\">\n\t\t\t\t\t<span class=\"elementor-post-author\">\n\t\t\tCPT Iraqi Kurdistan\t\t<\/span>\n\t\t\t\t<span class=\"elementor-post-date\">\n\t\t\t9 de marzo de 2026\t\t<\/span>\n\t\t\t\t<\/div>\n\t\t\t\t<div class=\"elementor-post__excerpt\">\n\t\t\t<p>Los recientes bombardeos militares turcos en pueblos del Kurdist\u00e1n Iraqu\u00ed ponen de relieve la fragilidad del proceso de paz entre Turqu\u00eda y el \u2018PKK\u2019. ECAP informa sobre la actual expansi\u00f3n militar turca en la regi\u00f3n.<\/p>\n\t\t<\/div>\n\t\t\t\t<\/div>\n\t\t\t\t<\/article>\n\t\t\t\t<article class=\"elementor-post elementor-grid-item post-41153 post type-post status-publish format-standard has-post-thumbnail hentry category-palestina\" role=\"listitem\">\n\t\t\t\t<a class=\"elementor-post__thumbnail__link\" href=\"https:\/\/cpt.org\/es\/2026\/03\/02\/los-portones-de-entrada-a-las-ciudades-de-cisjordania-division-y-dificultades-cotidianas\" tabindex=\"-1\" >\n\t\t\t<div class=\"elementor-post__thumbnail\"><img loading=\"lazy\" decoding=\"async\" width=\"768\" height=\"576\" src=\"https:\/\/cpt.org\/wp-content\/uploads\/260217-Palestine-768x576.jpg\" class=\"attachment-medium_large size-medium_large wp-image-41152\" alt=\"A gate blocking access to a road\" srcset=\"https:\/\/cpt.org\/wp-content\/uploads\/260217-Palestine-768x576.jpg 768w, https:\/\/cpt.org\/wp-content\/uploads\/260217-Palestine-300x225.jpg 300w, https:\/\/cpt.org\/wp-content\/uploads\/260217-Palestine-1024x768.jpg 1024w, https:\/\/cpt.org\/wp-content\/uploads\/260217-Palestine-1536x1152.jpg 1536w, https:\/\/cpt.org\/wp-content\/uploads\/260217-Palestine.jpg 2000w\" sizes=\"(max-width: 768px) 100vw, 768px\" \/><\/div>\n\t\t<\/a>\n\t\t\t\t<div class=\"elementor-post__text\">\n\t\t\t\t<h3 class=\"elementor-post__title\">\n\t\t\t<a href=\"https:\/\/cpt.org\/es\/2026\/03\/02\/los-portones-de-entrada-a-las-ciudades-de-cisjordania-division-y-dificultades-cotidianas\" >\n\t\t\t\tLos portones de entrada a las ciudades de Cisjordania: divisi\u00f3n y dificultades cotidianas\t\t\t<\/a>\n\t\t<\/h3>\n\t\t\t\t<div class=\"elementor-post__meta-data\">\n\t\t\t\t\t<span class=\"elementor-post-author\">\n\t\t\tB.O.S\t\t<\/span>\n\t\t\t\t<span class=\"elementor-post-date\">\n\t\t\t2 de marzo de 2026\t\t<\/span>\n\t\t\t\t<\/div>\n\t\t\t\t<div class=\"elementor-post__excerpt\">\n\t\t\t<p>En toda la Cisjordania ocupada, incluyendo ciudades importantes como Hebr\u00f3n (Al-Khalil), Nablus, Ramala y muchos pueblos y aldeas, las fuerzas israel\u00edes han aumentado significativamente la instalaci\u00f3n de pesados portones met\u00e1licos y puestos de control militar en las entradas a las comunidades palestinas. Estos portones se han convertido en s\u00edmbolos de fragmentaci\u00f3n, control y dificultades en la vida de las personas palestinas comunes. <\/p>\n\t\t<\/div>\n\t\t\t\t<\/div>\n\t\t\t\t<\/article>\n\t\t\t\t<article class=\"elementor-post elementor-grid-item post-41150 post type-post status-publish format-standard has-post-thumbnail hentry category-migrantes-en-la-region-egea\" role=\"listitem\">\n\t\t\t\t<a class=\"elementor-post__thumbnail__link\" href=\"https:\/\/cpt.org\/es\/2026\/03\/02\/la-justicia-retrasada-es-justicia-denegada\" tabindex=\"-1\" >\n\t\t\t<div class=\"elementor-post__thumbnail\"><img loading=\"lazy\" decoding=\"async\" width=\"768\" height=\"576\" src=\"https:\/\/cpt.org\/wp-content\/uploads\/260128-AMS-768x576.jpg\" class=\"attachment-medium_large size-medium_large wp-image-41149\" alt=\"People standing outside a courthouse\" srcset=\"https:\/\/cpt.org\/wp-content\/uploads\/260128-AMS-768x576.jpg 768w, https:\/\/cpt.org\/wp-content\/uploads\/260128-AMS-300x225.jpg 300w, https:\/\/cpt.org\/wp-content\/uploads\/260128-AMS-1024x768.jpg 1024w, https:\/\/cpt.org\/wp-content\/uploads\/260128-AMS-1536x1152.jpg 1536w, https:\/\/cpt.org\/wp-content\/uploads\/260128-AMS-2048x1536.jpg 2048w\" sizes=\"(max-width: 768px) 100vw, 768px\" \/><\/div>\n\t\t<\/a>\n\t\t\t\t<div class=\"elementor-post__text\">\n\t\t\t\t<h3 class=\"elementor-post__title\">\n\t\t\t<a href=\"https:\/\/cpt.org\/es\/2026\/03\/02\/la-justicia-retrasada-es-justicia-denegada\" >\n\t\t\t\tLa justicia retrasada es justicia denegada\t\t\t<\/a>\n\t\t<\/h3>\n\t\t\t\t<div class=\"elementor-post__meta-data\">\n\t\t\t\t\t<span class=\"elementor-post-author\">\n\t\t\tCPT Aegean Migrant Solidarity\t\t<\/span>\n\t\t\t\t<span class=\"elementor-post-date\">\n\t\t\t2 de marzo de 2026\t\t<\/span>\n\t\t\t\t<\/div>\n\t\t\t\t<div class=\"elementor-post__excerpt\">\n\t\t\t<p>Despu\u00e9s de ocho a\u00f1os, las personas acusadas en uno de los casos m\u00e1s notorios de \u201ccriminalizaci\u00f3n de la solidaridad\u201d en Europa han sido absueltas. Aunque el veredicto supone un alivio, \u00bfse puede considerar realmente justicia?<\/p>\n\t\t<\/div>\n\t\t\t\t<\/div>\n\t\t\t\t<\/article>\n\t\t\t\t<article class=\"elementor-post elementor-grid-item post-41147 post type-post status-publish format-standard has-post-thumbnail hentry category-palestina\" role=\"listitem\">\n\t\t\t\t<a class=\"elementor-post__thumbnail__link\" href=\"https:\/\/cpt.org\/es\/2026\/03\/02\/las-personas-trabajadoras-palestinas-despues-de-la-guerra-desempleo-y-supervivencia-entre-muros\" tabindex=\"-1\" >\n\t\t\t<div class=\"elementor-post__thumbnail\"><img loading=\"lazy\" decoding=\"async\" width=\"768\" height=\"512\" src=\"https:\/\/cpt.org\/wp-content\/uploads\/260114-palestine-768x512.jpg\" class=\"attachment-medium_large size-medium_large wp-image-41146\" alt=\"the separation wall\" srcset=\"https:\/\/cpt.org\/wp-content\/uploads\/260114-palestine-768x512.jpg 768w, https:\/\/cpt.org\/wp-content\/uploads\/260114-palestine-300x200.jpg 300w, https:\/\/cpt.org\/wp-content\/uploads\/260114-palestine-1024x682.jpg 1024w, https:\/\/cpt.org\/wp-content\/uploads\/260114-palestine-1536x1024.jpg 1536w, https:\/\/cpt.org\/wp-content\/uploads\/260114-palestine.jpg 2000w\" sizes=\"(max-width: 768px) 100vw, 768px\" \/><\/div>\n\t\t<\/a>\n\t\t\t\t<div class=\"elementor-post__text\">\n\t\t\t\t<h3 class=\"elementor-post__title\">\n\t\t\t<a href=\"https:\/\/cpt.org\/es\/2026\/03\/02\/las-personas-trabajadoras-palestinas-despues-de-la-guerra-desempleo-y-supervivencia-entre-muros\" >\n\t\t\t\tLas personas trabajadoras palestinas despu\u00e9s de la guerra: desempleo y supervivencia entre muros\t\t\t<\/a>\n\t\t<\/h3>\n\t\t\t\t<div class=\"elementor-post__meta-data\">\n\t\t\t\t\t<span class=\"elementor-post-author\">\n\t\t\tB.O.S\t\t<\/span>\n\t\t\t\t<span class=\"elementor-post-date\">\n\t\t\t2 de marzo de 2026\t\t<\/span>\n\t\t\t\t<\/div>\n\t\t\t\t<div class=\"elementor-post__excerpt\">\n\t\t\t<p>Una mirada impactante sobre c\u00f3mo la guerra y los cierres privaron a las personas trabajadoras palestinas de sus medios de vida, sumiendo a miles de personas en la pobreza, el miedo y peligrosos viajes en busca de supervivencia, dignidad y el derecho b\u00e1sico a mantener a sus familias.<\/p>\n\t\t<\/div>\n\t\t\t\t<\/div>\n\t\t\t\t<\/article>\n\t\t\t\t<article class=\"elementor-post elementor-grid-item post-41142 post type-post status-publish format-standard has-post-thumbnail hentry category-palestina tag-oraciones-por-les-trabajadores-de-paz\" role=\"listitem\">\n\t\t\t\t<a class=\"elementor-post__thumbnail__link\" href=\"https:\/\/cpt.org\/es\/2026\/03\/02\/reflexion-y-renovacion\" tabindex=\"-1\" >\n\t\t\t<div class=\"elementor-post__thumbnail\"><img loading=\"lazy\" decoding=\"async\" width=\"768\" height=\"576\" src=\"https:\/\/cpt.org\/wp-content\/uploads\/260227-Palestine-768x576.jpg\" class=\"attachment-medium_large size-medium_large wp-image-41141\" alt=\"Lanterns in a window ledge\" srcset=\"https:\/\/cpt.org\/wp-content\/uploads\/260227-Palestine-768x576.jpg 768w, https:\/\/cpt.org\/wp-content\/uploads\/260227-Palestine-300x225.jpg 300w, https:\/\/cpt.org\/wp-content\/uploads\/260227-Palestine-1024x768.jpg 1024w, https:\/\/cpt.org\/wp-content\/uploads\/260227-Palestine-1536x1152.jpg 1536w, https:\/\/cpt.org\/wp-content\/uploads\/260227-Palestine.jpg 1920w\" sizes=\"(max-width: 768px) 100vw, 768px\" \/><\/div>\n\t\t<\/a>\n\t\t\t\t<div class=\"elementor-post__text\">\n\t\t\t\t<h3 class=\"elementor-post__title\">\n\t\t\t<a href=\"https:\/\/cpt.org\/es\/2026\/03\/02\/reflexion-y-renovacion\" >\n\t\t\t\tReflexi\u00f3n y renovaci\u00f3n\t\t\t<\/a>\n\t\t<\/h3>\n\t\t\t\t<div class=\"elementor-post__meta-data\">\n\t\t\t\t\t<span class=\"elementor-post-author\">\n\t\t\tCPT Palestine\t\t<\/span>\n\t\t\t\t<span class=\"elementor-post-date\">\n\t\t\t2 de marzo de 2026\t\t<\/span>\n\t\t\t\t<\/div>\n\t\t\t\t<div class=\"elementor-post__excerpt\">\n\t\t\t<p>La vida tiene una forma de mantenernos consumidos por las responsabilidades, el caos y las presiones diarias. El deseo constante de lograr cosas, siguiendo ciegamente<\/p>\n\t\t<\/div>\n\t\t\t\t<\/div>\n\t\t\t\t<\/article>\n\t\t\t\t<\/div>\n\t\t\t\t\t<span class=\"e-load-more-spinner\">\n\t\t\t\t<i aria-hidden=\"true\" class=\"fas fa-spinner\"><\/i>\t\t\t<\/span>\n\t\t\n\t\t\t\t<div class=\"e-load-more-anchor\" data-page=\"1\" data-max-page=\"54\" data-next-page=\"https:\/\/cpt.org\/es\/wp-json\/wp\/v2\/pages\/34810\/page\/2\"><\/div>\n\t\t\t\t<div class=\"elementor-button-wrapper\">\n\t\t\t<a class=\"elementor-button elementor-size-sm\" role=\"button\">\n\t\t\t\t\t\t<span class=\"elementor-button-content-wrapper\">\n\t\t\t\t\t\t\t\t\t<span class=\"elementor-button-text\">Carga m\u00e1s<\/span>\n\t\t\t\t\t<\/span>\n\t\t\t\t\t<\/a>\n\t\t<\/div>\n\t\t\t\t<div class=\"e-load-more-message\"><\/div>\n\t\t\t\t\t\t<\/div>\n\t\t\t\t<\/div>\n\t\t\t\t\t<\/div>\n\t\t<\/div>\n\t\t\t\t\t<\/div>\n\t\t<\/section>\n\t\t\t\t<\/div>\n\t\t","protected":false},"excerpt":{"rendered":"<p>\u00daltimas noticias<\/p>\n","protected":false},"author":6,"featured_media":30599,"parent":0,"menu_order":0,"comment_status":"closed","ping_status":"closed","template":"","meta":{"footnotes":""},"class_list":["post-34810","page","type-page","status-publish","has-post-thumbnail","hentry"],"yoast_head":"<!-- This site is optimized with the Yoast SEO Premium plugin v27.5 (Yoast SEO v27.5) - https:\/\/yoast.com\/product\/yoast-seo-premium-wordpress\/ -->\n<title>Noticias | Equipos y Comunidades de Acci\u00f3n por la Paz<\/title>\n<meta name=\"robots\" content=\"index, follow, max-snippet:-1, max-image-preview:large, max-video-preview:-1\" \/>\n<link rel=\"canonical\" href=\"https:\/\/cpt.org\/es\/noticias\" \/>\n<meta property=\"og:locale\" content=\"es_ES\" \/>\n<meta property=\"og:type\" content=\"article\" \/>\n<meta property=\"og:title\" content=\"Noticias\" \/>\n<meta property=\"og:description\" content=\"\u00daltimas noticias\" \/>\n<meta property=\"og:url\" content=\"https:\/\/cpt.org\/es\/noticias\" \/>\n<meta property=\"og:site_name\" content=\"Equipos y Comunidades de Acci\u00f3n por la Paz\" \/>\n<meta property=\"article:publisher\" content=\"https:\/\/www.facebook.com\/cpters\" \/>\n<meta property=\"article:modified_time\" content=\"2024-01-15T13:26:32+00:00\" \/>\n<meta property=\"og:image\" content=\"https:\/\/cpt.org\/wp-content\/uploads\/221231-colombia-4.jpg\" \/>\n\t<meta property=\"og:image:width\" content=\"2000\" \/>\n\t<meta property=\"og:image:height\" content=\"1333\" \/>\n\t<meta property=\"og:image:type\" content=\"image\/jpeg\" \/>\n<meta name=\"twitter:card\" content=\"summary_large_image\" \/>\n<meta name=\"twitter:site\" content=\"@cpt_intl\" \/>\n<script type=\"application\/ld+json\" class=\"yoast-schema-graph\">{\"@context\":\"https:\\\/\\\/schema.org\",\"@graph\":[{\"@type\":\"WebPage\",\"@id\":\"https:\\\/\\\/cpt.org\\\/es\\\/noticias\",\"url\":\"https:\\\/\\\/cpt.org\\\/es\\\/noticias\",\"name\":\"Noticias | Equipos y Comunidades de Acci\u00f3n por la Paz\",\"isPartOf\":{\"@id\":\"https:\\\/\\\/cpt.org\\\/es#website\"},\"primaryImageOfPage\":{\"@id\":\"https:\\\/\\\/cpt.org\\\/es\\\/noticias#primaryimage\"},\"image\":{\"@id\":\"https:\\\/\\\/cpt.org\\\/es\\\/noticias#primaryimage\"},\"thumbnailUrl\":\"https:\\\/\\\/cpt.org\\\/wp-content\\\/uploads\\\/221231-colombia-4.jpg\",\"datePublished\":\"2024-01-15T13:26:31+00:00\",\"dateModified\":\"2024-01-15T13:26:32+00:00\",\"breadcrumb\":{\"@id\":\"https:\\\/\\\/cpt.org\\\/es\\\/noticias#breadcrumb\"},\"inLanguage\":\"es\",\"potentialAction\":[{\"@type\":\"ReadAction\",\"target\":[\"https:\\\/\\\/cpt.org\\\/es\\\/noticias\"]}]},{\"@type\":\"ImageObject\",\"inLanguage\":\"es\",\"@id\":\"https:\\\/\\\/cpt.org\\\/es\\\/noticias#primaryimage\",\"url\":\"https:\\\/\\\/cpt.org\\\/wp-content\\\/uploads\\\/221231-colombia-4.jpg\",\"contentUrl\":\"https:\\\/\\\/cpt.org\\\/wp-content\\\/uploads\\\/221231-colombia-4.jpg\",\"width\":2000,\"height\":1333},{\"@type\":\"BreadcrumbList\",\"@id\":\"https:\\\/\\\/cpt.org\\\/es\\\/noticias#breadcrumb\",\"itemListElement\":[{\"@type\":\"ListItem\",\"position\":1,\"name\":\"Home\",\"item\":\"https:\\\/\\\/cpt.org\\\/es\"},{\"@type\":\"ListItem\",\"position\":2,\"name\":\"Noticias\"}]},{\"@type\":\"WebSite\",\"@id\":\"https:\\\/\\\/cpt.org\\\/es#website\",\"url\":\"https:\\\/\\\/cpt.org\\\/es\",\"name\":\"Equipos y Comunidades de Acci\u00f3n por la Paz\",\"description\":\"Building partnerships to transform violence and oppression\",\"publisher\":{\"@id\":\"https:\\\/\\\/cpt.org\\\/es#organization\"},\"potentialAction\":[{\"@type\":\"SearchAction\",\"target\":{\"@type\":\"EntryPoint\",\"urlTemplate\":\"https:\\\/\\\/cpt.org\\\/es?s={search_term_string}\"},\"query-input\":{\"@type\":\"PropertyValueSpecification\",\"valueRequired\":true,\"valueName\":\"search_term_string\"}}],\"inLanguage\":\"es\"},{\"@type\":\"Organization\",\"@id\":\"https:\\\/\\\/cpt.org\\\/es#organization\",\"name\":\"Equipos y Comunidades de Acci\u00f3n por la Paz\",\"url\":\"https:\\\/\\\/cpt.org\\\/es\",\"logo\":{\"@type\":\"ImageObject\",\"inLanguage\":\"es\",\"@id\":\"https:\\\/\\\/cpt.org\\\/es#\\\/schema\\\/logo\\\/image\\\/\",\"url\":\"https:\\\/\\\/cpt.org\\\/wp-content\\\/uploads\\\/logoCPT-red-2.png\",\"contentUrl\":\"https:\\\/\\\/cpt.org\\\/wp-content\\\/uploads\\\/logoCPT-red-2.png\",\"width\":1730,\"height\":840,\"caption\":\"Equipos y Comunidades de Acci\u00f3n por la Paz\"},\"image\":{\"@id\":\"https:\\\/\\\/cpt.org\\\/es#\\\/schema\\\/logo\\\/image\\\/\"},\"sameAs\":[\"https:\\\/\\\/www.facebook.com\\\/cpters\",\"https:\\\/\\\/x.com\\\/cpt_intl\",\"https:\\\/\\\/www.instagram.com\\\/cpteams\\\/\",\"https:\\\/\\\/www.youtube.com\\\/user\\\/cptvideos\"]}]}<\/script>\n<!-- \/ Yoast SEO Premium plugin. -->","yoast_head_json":{"title":"Noticias | Equipos y Comunidades de Acci\u00f3n por la Paz","robots":{"index":"index","follow":"follow","max-snippet":"max-snippet:-1","max-image-preview":"max-image-preview:large","max-video-preview":"max-video-preview:-1"},"canonical":"https:\/\/cpt.org\/es\/noticias","og_locale":"es_ES","og_type":"article","og_title":"Noticias","og_description":"\u00daltimas noticias","og_url":"https:\/\/cpt.org\/es\/noticias","og_site_name":"Equipos y Comunidades de Acci\u00f3n por la Paz","article_publisher":"https:\/\/www.facebook.com\/cpters","article_modified_time":"2024-01-15T13:26:32+00:00","og_image":[{"width":2000,"height":1333,"url":"https:\/\/cpt.org\/wp-content\/uploads\/221231-colombia-4.jpg","type":"image\/jpeg"}],"twitter_card":"summary_large_image","twitter_site":"@cpt_intl","schema":{"@context":"https:\/\/schema.org","@graph":[{"@type":"WebPage","@id":"https:\/\/cpt.org\/es\/noticias","url":"https:\/\/cpt.org\/es\/noticias","name":"Noticias | Equipos y Comunidades de Acci\u00f3n por la Paz","isPartOf":{"@id":"https:\/\/cpt.org\/es#website"},"primaryImageOfPage":{"@id":"https:\/\/cpt.org\/es\/noticias#primaryimage"},"image":{"@id":"https:\/\/cpt.org\/es\/noticias#primaryimage"},"thumbnailUrl":"https:\/\/cpt.org\/wp-content\/uploads\/221231-colombia-4.jpg","datePublished":"2024-01-15T13:26:31+00:00","dateModified":"2024-01-15T13:26:32+00:00","breadcrumb":{"@id":"https:\/\/cpt.org\/es\/noticias#breadcrumb"},"inLanguage":"es","potentialAction":[{"@type":"ReadAction","target":["https:\/\/cpt.org\/es\/noticias"]}]},{"@type":"ImageObject","inLanguage":"es","@id":"https:\/\/cpt.org\/es\/noticias#primaryimage","url":"https:\/\/cpt.org\/wp-content\/uploads\/221231-colombia-4.jpg","contentUrl":"https:\/\/cpt.org\/wp-content\/uploads\/221231-colombia-4.jpg","width":2000,"height":1333},{"@type":"BreadcrumbList","@id":"https:\/\/cpt.org\/es\/noticias#breadcrumb","itemListElement":[{"@type":"ListItem","position":1,"name":"Home","item":"https:\/\/cpt.org\/es"},{"@type":"ListItem","position":2,"name":"Noticias"}]},{"@type":"WebSite","@id":"https:\/\/cpt.org\/es#website","url":"https:\/\/cpt.org\/es","name":"Equipos y Comunidades de Acci\u00f3n por la Paz","description":"Building partnerships to transform violence and oppression","publisher":{"@id":"https:\/\/cpt.org\/es#organization"},"potentialAction":[{"@type":"SearchAction","target":{"@type":"EntryPoint","urlTemplate":"https:\/\/cpt.org\/es?s={search_term_string}"},"query-input":{"@type":"PropertyValueSpecification","valueRequired":true,"valueName":"search_term_string"}}],"inLanguage":"es"},{"@type":"Organization","@id":"https:\/\/cpt.org\/es#organization","name":"Equipos y Comunidades de Acci\u00f3n por la Paz","url":"https:\/\/cpt.org\/es","logo":{"@type":"ImageObject","inLanguage":"es","@id":"https:\/\/cpt.org\/es#\/schema\/logo\/image\/","url":"https:\/\/cpt.org\/wp-content\/uploads\/logoCPT-red-2.png","contentUrl":"https:\/\/cpt.org\/wp-content\/uploads\/logoCPT-red-2.png","width":1730,"height":840,"caption":"Equipos y Comunidades de Acci\u00f3n por la Paz"},"image":{"@id":"https:\/\/cpt.org\/es#\/schema\/logo\/image\/"},"sameAs":["https:\/\/www.facebook.com\/cpters","https:\/\/x.com\/cpt_intl","https:\/\/www.instagram.com\/cpteams\/","https:\/\/www.youtube.com\/user\/cptvideos"]}]}},"_links":{"self":[{"href":"https:\/\/cpt.org\/es\/wp-json\/wp\/v2\/pages\/34810","targetHints":{"allow":["GET"]}}],"collection":[{"href":"https:\/\/cpt.org\/es\/wp-json\/wp\/v2\/pages"}],"about":[{"href":"https:\/\/cpt.org\/es\/wp-json\/wp\/v2\/types\/page"}],"author":[{"embeddable":true,"href":"https:\/\/cpt.org\/es\/wp-json\/wp\/v2\/users\/6"}],"replies":[{"embeddable":true,"href":"https:\/\/cpt.org\/es\/wp-json\/wp\/v2\/comments?post=34810"}],"version-history":[{"count":1,"href":"https:\/\/cpt.org\/es\/wp-json\/wp\/v2\/pages\/34810\/revisions"}],"predecessor-version":[{"id":34811,"href":"https:\/\/cpt.org\/es\/wp-json\/wp\/v2\/pages\/34810\/revisions\/34811"}],"wp:featuredmedia":[{"embeddable":true,"href":"https:\/\/cpt.org\/es\/wp-json\/wp\/v2\/media\/30599"}],"wp:attachment":[{"href":"https:\/\/cpt.org\/es\/wp-json\/wp\/v2\/media?parent=34810"}],"curies":[{"name":"wp","href":"https:\/\/api.w.org\/{rel}","templated":true}]}}