{"id":35189,"date":"2024-02-20T06:11:10","date_gmt":"2024-02-20T12:11:10","guid":{"rendered":"https:\/\/cpt.org\/formacion-ecap"},"modified":"2024-08-27T02:04:31","modified_gmt":"2024-08-27T07:04:31","slug":"formacion-ecap","status":"publish","type":"page","link":"https:\/\/cpt.org\/es\/formacion-ecap","title":{"rendered":"Formaci\u00f3n ECAP"},"content":{"rendered":"\t\t<div data-elementor-type=\"wp-page\" data-elementor-id=\"35189\" class=\"elementor elementor-35189 elementor-35071\" data-elementor-post-type=\"page\">\n\t\t\t\t\t\t<section class=\"elementor-section elementor-top-section elementor-element elementor-element-eb34282 elementor-section-boxed elementor-section-height-default elementor-section-height-default\" data-id=\"eb34282\" data-element_type=\"section\" data-e-type=\"section\">\n\t\t\t\t\t\t<div class=\"elementor-container elementor-column-gap-default\">\n\t\t\t\t\t<div class=\"elementor-column elementor-col-100 elementor-top-column elementor-element elementor-element-2b0c6d1\" data-id=\"2b0c6d1\" data-element_type=\"column\" data-e-type=\"column\">\n\t\t\t<div class=\"elementor-widget-wrap elementor-element-populated\">\n\t\t\t\t\t\t<div class=\"elementor-element elementor-element-a60afe5 elementor-widget elementor-widget-heading\" data-id=\"a60afe5\" data-element_type=\"widget\" data-e-type=\"widget\" data-widget_type=\"heading.default\">\n\t\t\t\t<div class=\"elementor-widget-container\">\n\t\t\t\t\t<h2 class=\"elementor-heading-title elementor-size-default\">Entrena con nosotros. \u00danase a los Equipos y Comunidades de Acci\u00f3n por la Paz.<\/h2>\t\t\t\t<\/div>\n\t\t\t\t<\/div>\n\t\t\t\t<section class=\"elementor-section elementor-inner-section elementor-element elementor-element-6d7c5d8 elementor-section-boxed elementor-section-height-default elementor-section-height-default\" data-id=\"6d7c5d8\" data-element_type=\"section\" data-e-type=\"section\">\n\t\t\t\t\t\t<div class=\"elementor-container elementor-column-gap-default\">\n\t\t\t\t\t<div class=\"elementor-column elementor-col-50 elementor-inner-column elementor-element elementor-element-357aa6c\" data-id=\"357aa6c\" data-element_type=\"column\" data-e-type=\"column\" data-settings=\"{&quot;background_background&quot;:&quot;classic&quot;}\">\n\t\t\t<div class=\"elementor-widget-wrap elementor-element-populated\">\n\t\t\t\t\t\t<div class=\"elementor-element elementor-element-6873374 elementor-widget elementor-widget-image\" data-id=\"6873374\" data-element_type=\"widget\" data-e-type=\"widget\" data-widget_type=\"image.default\">\n\t\t\t\t<div class=\"elementor-widget-container\">\n\t\t\t\t\t\t\t\t\t\t\t\t\t\t\t<img fetchpriority=\"high\" decoding=\"async\" width=\"800\" height=\"800\" src=\"https:\/\/cpt.org\/wp-content\/uploads\/240220-training-1024x1024.jpg\" class=\"attachment-large size-large wp-image-35146\" alt=\"\" srcset=\"https:\/\/cpt.org\/wp-content\/uploads\/240220-training-1024x1024.jpg 1024w, https:\/\/cpt.org\/wp-content\/uploads\/240220-training-300x300.jpg 300w, https:\/\/cpt.org\/wp-content\/uploads\/240220-training-150x150.jpg 150w, https:\/\/cpt.org\/wp-content\/uploads\/240220-training-768x768.jpg 768w, https:\/\/cpt.org\/wp-content\/uploads\/240220-training-1536x1536.jpg 1536w, https:\/\/cpt.org\/wp-content\/uploads\/240220-training.jpg 2000w\" sizes=\"(max-width: 800px) 100vw, 800px\" \/>\t\t\t\t\t\t\t\t\t\t\t\t\t\t\t<\/div>\n\t\t\t\t<\/div>\n\t\t\t\t\t<\/div>\n\t\t<\/div>\n\t\t\t\t<div class=\"elementor-column elementor-col-50 elementor-inner-column elementor-element elementor-element-78613f8\" data-id=\"78613f8\" data-element_type=\"column\" data-e-type=\"column\" data-settings=\"{&quot;background_background&quot;:&quot;classic&quot;}\">\n\t\t\t<div class=\"elementor-widget-wrap elementor-element-populated\">\n\t\t\t\t\t\t<div class=\"elementor-element elementor-element-9951f3c elementor-widget elementor-widget-heading\" data-id=\"9951f3c\" data-element_type=\"widget\" data-e-type=\"widget\" data-widget_type=\"heading.default\">\n\t\t\t\t<div class=\"elementor-widget-container\">\n\t\t\t\t\t<h2 class=\"elementor-heading-title elementor-size-default\">Aceptamos solicitudes de nuevos miembros de manera continua. <\/h2>\t\t\t\t<\/div>\n\t\t\t\t<\/div>\n\t\t\t\t<div class=\"elementor-element elementor-element-e3ef2e6 elementor-widget elementor-widget-text-editor\" data-id=\"e3ef2e6\" data-element_type=\"widget\" data-e-type=\"widget\" data-widget_type=\"text-editor.default\">\n\t\t\t\t<div class=\"elementor-widget-container\">\n\t\t\t\t\t\t\t\t\t<p><strong>Fechas de capacitaci\u00f3n: Los pr\u00f3ximos cursos en l\u00ednea y presenciales se anunciar\u00e1n pronto.<\/strong><\/p>\n\t\t\t\t\t\t\t\t<\/div>\n\t\t\t\t<\/div>\n\t\t\t\t<div class=\"elementor-element elementor-element-dac629b elementor-align-left elementor-widget__width-auto elementor-widget elementor-widget-button\" data-id=\"dac629b\" data-element_type=\"widget\" data-e-type=\"widget\" data-widget_type=\"button.default\">\n\t\t\t\t<div class=\"elementor-widget-container\">\n\t\t\t\t\t\t\t\t\t<div class=\"elementor-button-wrapper\">\n\t\t\t\t\t<a class=\"elementor-button elementor-button-link elementor-size-sm\" href=\"https:\/\/cpt.org\/documents\/Solicitud-Ingreso-ECAP.pdf\">\n\t\t\t\t\t\t<span class=\"elementor-button-content-wrapper\">\n\t\t\t\t\t\t\t\t\t<span class=\"elementor-button-text\">Aplicar Ahora<\/span>\n\t\t\t\t\t<\/span>\n\t\t\t\t\t<\/a>\n\t\t\t\t<\/div>\n\t\t\t\t\t\t\t\t<\/div>\n\t\t\t\t<\/div>\n\t\t\t\t\t<\/div>\n\t\t<\/div>\n\t\t\t\t\t<\/div>\n\t\t<\/section>\n\t\t\t\t<section class=\"elementor-section elementor-inner-section elementor-element elementor-element-c202c09 elementor-section-boxed elementor-section-height-default elementor-section-height-default\" data-id=\"c202c09\" data-element_type=\"section\" data-e-type=\"section\">\n\t\t\t\t\t\t<div class=\"elementor-container elementor-column-gap-default\">\n\t\t\t\t\t<div class=\"elementor-column elementor-col-100 elementor-inner-column elementor-element elementor-element-369a77d\" data-id=\"369a77d\" data-element_type=\"column\" data-e-type=\"column\">\n\t\t\t<div class=\"elementor-widget-wrap elementor-element-populated\">\n\t\t\t\t\t\t<div class=\"elementor-element elementor-element-dc6f628 elementor-widget elementor-widget-text-editor\" data-id=\"dc6f628\" data-element_type=\"widget\" data-e-type=\"widget\" data-widget_type=\"text-editor.default\">\n\t\t\t\t<div class=\"elementor-widget-container\">\n\t\t\t\t\t\t\t\t\t<p>\u00a1\u00danete a nosotres en una jornada transformadora! Si te apasiona hacer una diferencia, esta es tu oportunidad de ser parte de algo significativo.<\/p>\n<p>Para personas interesadas en ser parte de ECAP, nuestra din\u00e1mica capacitaci\u00f3n provee una oportunidad \u00fanica de crecimiento y aprendizaje personal y colectivo. Usando un modelo h\u00edbrido de sesiones en l\u00ednea y un componente presencial de dos semanas, hemos desarrollado el contenido de nuestra capacitaci\u00f3n para responder a los contextos cambiantes donde ECAP trabaja, dando atenci\u00f3n especial a las necesidades de nuestres socies y nuestros programas.<\/p>\n<p>En ECAP, estamos dedicades a proveer una experiencia de capacitaci\u00f3n de alto nivel. Buscamos preparar a las personas participantes con un s\u00f3lido enfoque anti-opresivo, en concordancia con la misi\u00f3n, visi\u00f3n y valores de ECAP. \u00danete a nosotres en la creaci\u00f3n y adaptaci\u00f3n de una capacitaci\u00f3n que acoge la sabidur\u00eda de las experiencias de nuestros equipos y socies. \u00a1Juntes, hagamos un impacto positivo!<\/p>\n\t\t\t\t\t\t\t\t<\/div>\n\t\t\t\t<\/div>\n\t\t\t\t\t<\/div>\n\t\t<\/div>\n\t\t\t\t\t<\/div>\n\t\t<\/section>\n\t\t\t\t\t<\/div>\n\t\t<\/div>\n\t\t\t\t\t<\/div>\n\t\t<\/section>\n\t\t\t\t<section class=\"elementor-section elementor-top-section elementor-element elementor-element-ca8fb6d elementor-section-boxed elementor-section-height-default elementor-section-height-default\" data-id=\"ca8fb6d\" data-element_type=\"section\" data-e-type=\"section\" data-settings=\"{&quot;background_background&quot;:&quot;classic&quot;}\">\n\t\t\t\t\t\t<div class=\"elementor-container elementor-column-gap-default\">\n\t\t\t\t\t<div class=\"elementor-column elementor-col-100 elementor-top-column elementor-element elementor-element-ef4a62a\" data-id=\"ef4a62a\" data-element_type=\"column\" data-e-type=\"column\" data-settings=\"{&quot;background_background&quot;:&quot;classic&quot;}\">\n\t\t\t<div class=\"elementor-widget-wrap elementor-element-populated\">\n\t\t\t\t\t\t<section class=\"elementor-section elementor-inner-section elementor-element elementor-element-1d2874f elementor-section-boxed elementor-section-height-default elementor-section-height-default\" data-id=\"1d2874f\" data-element_type=\"section\" data-e-type=\"section\">\n\t\t\t\t\t\t<div class=\"elementor-container elementor-column-gap-default\">\n\t\t\t\t\t<div class=\"elementor-column elementor-col-50 elementor-inner-column elementor-element elementor-element-d0f4e0f\" data-id=\"d0f4e0f\" data-element_type=\"column\" data-e-type=\"column\" data-settings=\"{&quot;background_background&quot;:&quot;classic&quot;}\">\n\t\t\t<div class=\"elementor-widget-wrap elementor-element-populated\">\n\t\t\t\t\t\t<div class=\"elementor-element elementor-element-19b3905 elementor-widget elementor-widget-image\" data-id=\"19b3905\" data-element_type=\"widget\" data-e-type=\"widget\" data-widget_type=\"image.default\">\n\t\t\t\t<div class=\"elementor-widget-container\">\n\t\t\t\t\t\t\t\t\t\t\t\t\t\t\t<img decoding=\"async\" width=\"800\" height=\"800\" src=\"https:\/\/cpt.org\/wp-content\/uploads\/240220-training2-1024x1024.jpg\" class=\"attachment-large size-large wp-image-35154\" alt=\"\" srcset=\"https:\/\/cpt.org\/wp-content\/uploads\/240220-training2-1024x1024.jpg 1024w, https:\/\/cpt.org\/wp-content\/uploads\/240220-training2-300x300.jpg 300w, https:\/\/cpt.org\/wp-content\/uploads\/240220-training2-150x150.jpg 150w, https:\/\/cpt.org\/wp-content\/uploads\/240220-training2-768x768.jpg 768w, https:\/\/cpt.org\/wp-content\/uploads\/240220-training2-1536x1536.jpg 1536w, https:\/\/cpt.org\/wp-content\/uploads\/240220-training2-2048x2048.jpg 2048w\" sizes=\"(max-width: 800px) 100vw, 800px\" \/>\t\t\t\t\t\t\t\t\t\t\t\t\t\t\t<\/div>\n\t\t\t\t<\/div>\n\t\t\t\t\t<\/div>\n\t\t<\/div>\n\t\t\t\t<div class=\"elementor-column elementor-col-50 elementor-inner-column elementor-element elementor-element-20589e6\" data-id=\"20589e6\" data-element_type=\"column\" data-e-type=\"column\" data-settings=\"{&quot;background_background&quot;:&quot;classic&quot;}\">\n\t\t\t<div class=\"elementor-widget-wrap elementor-element-populated\">\n\t\t\t\t\t\t<div class=\"elementor-element elementor-element-1686a56 elementor-widget elementor-widget-testimonial\" data-id=\"1686a56\" data-element_type=\"widget\" data-e-type=\"widget\" data-widget_type=\"testimonial.default\">\n\t\t\t\t<div class=\"elementor-widget-container\">\n\t\t\t\t\t\t\t<div class=\"elementor-testimonial-wrapper\">\n\t\t\t\t\t\t\t<div class=\"elementor-testimonial-content\"><p>\"Desde junio del 2021 me un\u00ed a ECAP como pasante y en junio de 2022 hice mi capacitaci\u00f3n presencial en\u00a0 Am\u00e1n, Jordania. Para mi, la capacitaci\u00f3n presencial fue muy importante porque me di\u00f3 la oportunidad de encontrarme con integrantes de ECAP de otros programas y partes del mundo para intercambiar experiencias y pensamientos, ya que vivimos en ambientes (pol\u00edticos y culturales) completamente diferentes. Para aprender y entender la estructura de ECAP a profundidad;\u00a0 as\u00ed como para construir relaciones con personas con las que no podr\u00eda reunirme f\u00e1cilmente, estoy muy feliz de haberles conocido en persona.\u00a0 Pienso que la capacitaci\u00f3n de ECAP te da un gran contexto para entender los valores de la organizaci\u00f3n, as\u00ed como los objetivos y cambios que todas las personas quieren realizar, ya sea individual o colectivamente, en las comunidades donde est\u00e1n.<\/p>\n<\/div>\n\t\t\t\n\t\t\t\t\t\t<div class=\"elementor-testimonial-meta\">\n\t\t\t\t<div class=\"elementor-testimonial-meta-inner\">\n\t\t\t\t\t\n\t\t\t\t\t\t\t\t\t\t<div class=\"elementor-testimonial-details\">\n\t\t\t\t\t\t\t\t\t\t\t\t\t\t<div class=\"elementor-testimonial-name\">Nefeli Belavila <\/div>\n\t\t\t\t\t\t\t\t\t\t\t\t\t\t\t\t\t\t\t\t\t\t<div class=\"elementor-testimonial-job\">ECAP - Programa Solidaridad con Migrantes en la Regi\u00f3n Egea (SMRE )<\/div>\n\t\t\t\t\t\t\t\t\t\t\t\t\t<\/div>\n\t\t\t\t\t\t\t\t\t<\/div>\n\t\t\t<\/div>\n\t\t\t\t\t<\/div>\n\t\t\t\t\t\t<\/div>\n\t\t\t\t<\/div>\n\t\t\t\t\t<\/div>\n\t\t<\/div>\n\t\t\t\t\t<\/div>\n\t\t<\/section>\n\t\t\t\t<section class=\"elementor-section elementor-inner-section elementor-element elementor-element-7e15914 elementor-reverse-mobile elementor-section-boxed elementor-section-height-default elementor-section-height-default\" data-id=\"7e15914\" data-element_type=\"section\" data-e-type=\"section\" data-settings=\"{&quot;background_background&quot;:&quot;classic&quot;}\">\n\t\t\t\t\t\t<div class=\"elementor-container elementor-column-gap-default\">\n\t\t\t\t\t<div class=\"elementor-column elementor-col-50 elementor-inner-column elementor-element elementor-element-c61c35b\" data-id=\"c61c35b\" data-element_type=\"column\" data-e-type=\"column\">\n\t\t\t<div class=\"elementor-widget-wrap elementor-element-populated\">\n\t\t\t\t\t\t<div class=\"elementor-element elementor-element-ee502bd elementor-widget elementor-widget-heading\" data-id=\"ee502bd\" data-element_type=\"widget\" data-e-type=\"widget\" data-widget_type=\"heading.default\">\n\t\t\t\t<div class=\"elementor-widget-container\">\n\t\t\t\t\t<h2 class=\"elementor-heading-title elementor-size-default\">Fechas de la Capacitaci\u00f3n<\/h2>\t\t\t\t<\/div>\n\t\t\t\t<\/div>\n\t\t\t\t<div class=\"elementor-element elementor-element-48dea46 elementor-widget elementor-widget-text-editor\" data-id=\"48dea46\" data-element_type=\"widget\" data-e-type=\"widget\" data-widget_type=\"text-editor.default\">\n\t\t\t\t<div class=\"elementor-widget-container\">\n\t\t\t\t\t\t\t\t\t<p><b>Fechas de la Capacitaci\u00f3n<\/b><\/p>\n<p><b>Sesiones en l\u00ednea:<\/b><\/p>\n<p>Todos los s\u00e1bados de Julio 20 a al 2 de Noviembre<\/p>\n<p>Duraci\u00f3n de cada sesi\u00f3n: 3 horas<\/p>\n<p><b>Sesiones presenciales:<\/b><\/p>\n<p>Noviembre 15 al 30 en Colombia, Am\u00e9rica del sur<\/p>\n<p>Sesiones diarias de 8:00 a.m a 6:00 p.m<\/p>\n<p><i>Las personas participantes se comprometen a participar en todas las sesiones (virtuales y presenciales)\u00a0 y no programar otras actividades durante las mismas. Adem\u00e1s de desarrollo de habilidades, un aspecto significativo de la capacitaci\u00f3n es la experiencia de trabajar, aprender y reflexionar juntas y juntos como un equipo, por lo tanto es especialmente importante que todas las personas participantes est\u00e9n presentes durante toda la capacitaci\u00f3n.<\/i><\/p>\n\t\t\t\t\t\t\t\t<\/div>\n\t\t\t\t<\/div>\n\t\t\t\t\t<\/div>\n\t\t<\/div>\n\t\t\t\t<div class=\"elementor-column elementor-col-50 elementor-inner-column elementor-element elementor-element-6435388\" data-id=\"6435388\" data-element_type=\"column\" data-e-type=\"column\">\n\t\t\t<div class=\"elementor-widget-wrap elementor-element-populated\">\n\t\t\t\t\t\t<div class=\"elementor-element elementor-element-5dd5b8d elementor-widget elementor-widget-image\" data-id=\"5dd5b8d\" data-element_type=\"widget\" data-e-type=\"widget\" data-widget_type=\"image.default\">\n\t\t\t\t<div class=\"elementor-widget-container\">\n\t\t\t\t\t\t\t\t\t\t\t\t\t\t\t<img decoding=\"async\" width=\"800\" height=\"800\" src=\"https:\/\/cpt.org\/wp-content\/uploads\/240220-training4-1024x1024.jpg\" class=\"attachment-large size-large wp-image-35162\" alt=\"\" srcset=\"https:\/\/cpt.org\/wp-content\/uploads\/240220-training4-1024x1024.jpg 1024w, https:\/\/cpt.org\/wp-content\/uploads\/240220-training4-300x300.jpg 300w, https:\/\/cpt.org\/wp-content\/uploads\/240220-training4-150x150.jpg 150w, https:\/\/cpt.org\/wp-content\/uploads\/240220-training4-768x768.jpg 768w, https:\/\/cpt.org\/wp-content\/uploads\/240220-training4-1536x1536.jpg 1536w, https:\/\/cpt.org\/wp-content\/uploads\/240220-training4.jpg 2000w\" sizes=\"(max-width: 800px) 100vw, 800px\" \/>\t\t\t\t\t\t\t\t\t\t\t\t\t\t\t<\/div>\n\t\t\t\t<\/div>\n\t\t\t\t\t<\/div>\n\t\t<\/div>\n\t\t\t\t\t<\/div>\n\t\t<\/section>\n\t\t\t\t<section class=\"elementor-section elementor-inner-section elementor-element elementor-element-4ee913c elementor-section-boxed elementor-section-height-default elementor-section-height-default\" data-id=\"4ee913c\" data-element_type=\"section\" data-e-type=\"section\">\n\t\t\t\t\t\t<div class=\"elementor-container elementor-column-gap-default\">\n\t\t\t\t\t<div class=\"elementor-column elementor-col-50 elementor-inner-column elementor-element elementor-element-5f1c9b7\" data-id=\"5f1c9b7\" data-element_type=\"column\" data-e-type=\"column\" data-settings=\"{&quot;background_background&quot;:&quot;classic&quot;}\">\n\t\t\t<div class=\"elementor-widget-wrap elementor-element-populated\">\n\t\t\t\t\t\t<div class=\"elementor-element elementor-element-f590dcb elementor-widget elementor-widget-image\" data-id=\"f590dcb\" data-element_type=\"widget\" data-e-type=\"widget\" data-widget_type=\"image.default\">\n\t\t\t\t<div class=\"elementor-widget-container\">\n\t\t\t\t\t\t\t\t\t\t\t\t\t\t\t<img loading=\"lazy\" decoding=\"async\" width=\"800\" height=\"800\" src=\"https:\/\/cpt.org\/wp-content\/uploads\/240220-training6-1024x1024.jpg\" class=\"attachment-large size-large wp-image-35170\" alt=\"\" srcset=\"https:\/\/cpt.org\/wp-content\/uploads\/240220-training6-1024x1024.jpg 1024w, https:\/\/cpt.org\/wp-content\/uploads\/240220-training6-300x300.jpg 300w, https:\/\/cpt.org\/wp-content\/uploads\/240220-training6-150x150.jpg 150w, https:\/\/cpt.org\/wp-content\/uploads\/240220-training6-768x768.jpg 768w, https:\/\/cpt.org\/wp-content\/uploads\/240220-training6-1536x1536.jpg 1536w, https:\/\/cpt.org\/wp-content\/uploads\/240220-training6.jpg 2000w\" sizes=\"(max-width: 800px) 100vw, 800px\" \/>\t\t\t\t\t\t\t\t\t\t\t\t\t\t\t<\/div>\n\t\t\t\t<\/div>\n\t\t\t\t\t<\/div>\n\t\t<\/div>\n\t\t\t\t<div class=\"elementor-column elementor-col-50 elementor-inner-column elementor-element elementor-element-7ba1305\" data-id=\"7ba1305\" data-element_type=\"column\" data-e-type=\"column\" data-settings=\"{&quot;background_background&quot;:&quot;classic&quot;}\">\n\t\t\t<div class=\"elementor-widget-wrap elementor-element-populated\">\n\t\t\t\t\t\t<div class=\"elementor-element elementor-element-26753d8 elementor-widget elementor-widget-heading\" data-id=\"26753d8\" data-element_type=\"widget\" data-e-type=\"widget\" data-widget_type=\"heading.default\">\n\t\t\t\t<div class=\"elementor-widget-container\">\n\t\t\t\t\t<h2 class=\"elementor-heading-title elementor-size-default\">Proceso de Aplicaci\u00f3n <\/h2>\t\t\t\t<\/div>\n\t\t\t\t<\/div>\n\t\t\t\t<div class=\"elementor-element elementor-element-065fbed elementor-widget elementor-widget-text-editor\" data-id=\"065fbed\" data-element_type=\"widget\" data-e-type=\"widget\" data-widget_type=\"text-editor.default\">\n\t\t\t\t<div class=\"elementor-widget-container\">\n\t\t\t\t\t\t\t\t\t<ul>\n<li aria-level=\"1\">ECAP requiere que las personas que aplican para membres\u00eda tengan alguna experiencia o relaci\u00f3n previa con nuestra organizaci\u00f3n, como una delegaci\u00f3n ECAP o una pasant\u00eda en uno de los equipos. Visita nuestra p\u00e1gina de <a href=\"https:\/\/cpt.org\/es\/delegaciones\" target=\"_blank\" rel=\"noopener\">delegaciones<\/a> y, escribe al correo-e <a href=\"mailto:delegations@cpt.org\" target=\"_blank\" rel=\"noopener\">delegations@cpt.org<\/a> para mayor informaci\u00f3n sobre opciones de delegaci\u00f3n.<\/li>\n<li aria-level=\"1\">Completar y enviar el Formulario de Aplicaci\u00f3n<\/li>\n<li aria-level=\"1\">Desarrollar ejercicios escritos parte del proceso de selecci\u00f3n.<\/li>\n<li aria-level=\"1\">Participar en una entrevista<\/li>\n<\/ul>\n<p>Las personas aplicantes que son seleccionadas para participar en la capacitaci\u00f3n recibir\u00e1n una invitaci\u00f3n del equipo de Admisiones de ECAP.<\/p>\n\t\t\t\t\t\t\t\t<\/div>\n\t\t\t\t<\/div>\n\t\t\t\t\t<\/div>\n\t\t<\/div>\n\t\t\t\t\t<\/div>\n\t\t<\/section>\n\t\t\t\t<section class=\"elementor-section elementor-inner-section elementor-element elementor-element-ec890f0 elementor-reverse-mobile elementor-section-boxed elementor-section-height-default elementor-section-height-default\" data-id=\"ec890f0\" data-element_type=\"section\" data-e-type=\"section\">\n\t\t\t\t\t\t<div class=\"elementor-container elementor-column-gap-default\">\n\t\t\t\t\t<div class=\"elementor-column elementor-col-50 elementor-inner-column elementor-element elementor-element-5754092\" data-id=\"5754092\" data-element_type=\"column\" data-e-type=\"column\">\n\t\t\t<div class=\"elementor-widget-wrap elementor-element-populated\">\n\t\t\t\t\t\t<div class=\"elementor-element elementor-element-aeb1546 elementor-widget elementor-widget-heading\" data-id=\"aeb1546\" data-element_type=\"widget\" data-e-type=\"widget\" data-widget_type=\"heading.default\">\n\t\t\t\t<div class=\"elementor-widget-container\">\n\t\t\t\t\t<h2 class=\"elementor-heading-title elementor-size-default\">Objetivos de la Capacitaci\u00f3n <\/h2>\t\t\t\t<\/div>\n\t\t\t\t<\/div>\n\t\t\t\t<div class=\"elementor-element elementor-element-7e19c49 elementor-widget elementor-widget-text-editor\" data-id=\"7e19c49\" data-element_type=\"widget\" data-e-type=\"widget\" data-widget_type=\"text-editor.default\">\n\t\t\t\t<div class=\"elementor-widget-container\">\n\t\t\t\t\t\t\t\t\t<p>ECAP entiende que la violencia tiene sus ra\u00edces en las estructuras sist\u00e9micas de la opresi\u00f3n. Nos hemos comprometido a deshacer la opresi\u00f3n en nuestras propias vidas y en las pr\u00e1cticas de nuestra organizaci\u00f3n.\u00a0 Dentro de ese enfoque, los participantes en la Capacitaci\u00f3n de ECAP har\u00e1n lo siguiente:<\/p>\n<p><strong>Practicar<\/strong> las habilidades de construcci\u00f3n de paz en tres \u00e1reas fundamentales:<\/p>\n<ul>\n<li>Testimonio P\u00fablico y Acci\u00f3n Directa Noviolenta<\/li>\n<li>Transformaci\u00f3n de Conflicto y Deshacer Opresiones<\/li>\n<li>\u00a0Presencia solidaria e Informar sobre los Derechos\u00a0 Humanos<\/li>\n<\/ul>\n<p><strong>Conectarse<\/strong> con y nutrir la espiritualidad y\/o la fe como fuente para:<\/p>\n<ul>\n<li>Construir alianzas para transformar la violencia y la opresi\u00f3n.<\/li>\n<li>Profundizar pr\u00e1cticas y habilidades de autocuidado para sostener este trabajo<\/li>\n<\/ul>\n<p><strong>Explorar<\/strong> asuntos y din\u00e1micas relacionadas a:<\/p>\n<ul>\n<li>Vida en equipo<\/li>\n<li>Liderazgo y toma de decisiones en consenso<\/li>\n<li>Comunicaciones en entornos de crisis\u00a0 cross-culturales<\/li>\n<\/ul>\n\t\t\t\t\t\t\t\t<\/div>\n\t\t\t\t<\/div>\n\t\t\t\t\t<\/div>\n\t\t<\/div>\n\t\t\t\t<div class=\"elementor-column elementor-col-50 elementor-inner-column elementor-element elementor-element-007bdd7\" data-id=\"007bdd7\" data-element_type=\"column\" data-e-type=\"column\">\n\t\t\t<div class=\"elementor-widget-wrap elementor-element-populated\">\n\t\t\t\t\t\t<div class=\"elementor-element elementor-element-68e869c elementor-widget elementor-widget-heading\" data-id=\"68e869c\" data-element_type=\"widget\" data-e-type=\"widget\" data-widget_type=\"heading.default\">\n\t\t\t\t<div class=\"elementor-widget-container\">\n\t\t\t\t\t<h2 class=\"elementor-heading-title elementor-size-default\">Costo de la Capacitaci\u00f3n <\/h2>\t\t\t\t<\/div>\n\t\t\t\t<\/div>\n\t\t\t\t<div class=\"elementor-element elementor-element-714f3ff elementor-widget elementor-widget-text-editor\" data-id=\"714f3ff\" data-element_type=\"widget\" data-e-type=\"widget\" data-widget_type=\"text-editor.default\">\n\t\t\t\t<div class=\"elementor-widget-container\">\n\t\t\t\t\t\t\t\t\t<p>Las personas participantes contribuyen cubriendo los costos de la capacitaciones de acuerdo a las siguientes tasas basadas en su regi\u00f3n de origen<\/p>\n<ul>\n<li>Colombia \/ Palestina \/ Kurdist\u00e1n Iraqu\u00ed \/ Greece = $550 USD<\/li>\n<li>Estados Unidos \/ Europa Occidental \/ Reino Unido \/ Australia = $1600 USD<\/li>\n<li>Canada = $1300 USD<\/li>\n<li>America Latina \/ Asia \/ Africa = $850 USD<\/li>\n<\/ul>\n<p><em>Este aporte cubre los costos tanto de las sesiones virtuales como de la comida, hospedaje y materiales de las sesiones presenciales de la capacitaci\u00f3n. Adem\u00e1s, las personas participantes deben cubrir sus gastos de viaje a Colombia, incluyendo visa &#8211; si aplica- y seguro para gastos de salud. Tambi\u00e9n sugerimos que traigan suficiente dinero para unas 4- 6 salidas a comer, transporte local y actividades durante el tiempo libre ( +\/- $100 USD).<\/em><\/p>\n\t\t\t\t\t\t\t\t<\/div>\n\t\t\t\t<\/div>\n\t\t\t\t\t<\/div>\n\t\t<\/div>\n\t\t\t\t\t<\/div>\n\t\t<\/section>\n\t\t\t\t<section class=\"elementor-section elementor-inner-section elementor-element elementor-element-0883b21 elementor-section-boxed elementor-section-height-default elementor-section-height-default\" data-id=\"0883b21\" data-element_type=\"section\" data-e-type=\"section\">\n\t\t\t\t\t\t<div class=\"elementor-container elementor-column-gap-default\">\n\t\t\t\t\t<div class=\"elementor-column elementor-col-100 elementor-inner-column elementor-element elementor-element-f7fc071\" data-id=\"f7fc071\" data-element_type=\"column\" data-e-type=\"column\" data-settings=\"{&quot;background_background&quot;:&quot;classic&quot;}\">\n\t\t\t<div class=\"elementor-widget-wrap elementor-element-populated\">\n\t\t\t\t\t\t<div class=\"elementor-element elementor-element-f347ff0 elementor-widget elementor-widget-heading\" data-id=\"f347ff0\" data-element_type=\"widget\" data-e-type=\"widget\" data-widget_type=\"heading.default\">\n\t\t\t\t<div class=\"elementor-widget-container\">\n\t\t\t\t\t<h2 class=\"elementor-heading-title elementor-size-default\">Que Esperar<\/h2>\t\t\t\t<\/div>\n\t\t\t\t<\/div>\n\t\t\t\t<div class=\"elementor-element elementor-element-d1f9b07 elementor-widget elementor-widget-text-editor\" data-id=\"d1f9b07\" data-element_type=\"widget\" data-e-type=\"widget\" data-widget_type=\"text-editor.default\">\n\t\t\t\t<div class=\"elementor-widget-container\">\n\t\t\t\t\t\t\t\t\t<p><b>Durante la capacitaci\u00f3n, se invita a las personas participantes a:<\/b><\/p>\n<ul>\n<li aria-level=\"1\">En cada sesi\u00f3n, como parte de un equipo, practicar una variedad de roles y responsabilidades rotativas.<\/li>\n<li aria-level=\"1\">Participar activamente en todas las sesiones de la capacitaci\u00f3n.<\/li>\n<li aria-level=\"1\">Comprometerse con diferentes actividades y ejercicios de autocuidado y de equipo.<\/li>\n<li aria-level=\"1\">Apoyar a sus compa\u00f1eres de equipo que est\u00e1n usando la interpretaci\u00f3n \/ traducci\u00f3n.<\/li>\n<li aria-level=\"1\">Participar en entrevistas individuales con el equipo de capacitaci\u00f3n<\/li>\n<li aria-level=\"1\">Ser flexibles frente a cambios inesperados en las actividades programadas.<\/li>\n<\/ul>\n<p><b>Sesiones virtuales\u00a0<\/b><\/p>\n<ul>\n<li aria-level=\"1\">Realizar con anterioridad las lecturas o ejercicios preparatorios asignados por sesi\u00f3n<\/li>\n<li aria-level=\"1\">Comprometerse a estar completamente presente. Por favor no participen en otras actividades durante las sesiones.<\/li>\n<\/ul>\n<p><b>Sesiones presenciales<\/b><\/p>\n<ul>\n<li aria-level=\"1\">Prepararse para una experiencia intensa. No es exactamente un campo de entrenamiento, no podremos simular todas las condiciones de vida que probablemente ser\u00e1n parte de tu trabajo; pero, los d\u00edas ser\u00e1n largos y llenos. As\u00ed que esperamos que traigan esp\u00edritus c\u00e1lidos, corazones dispuestos y ganas de probar sus mejores habilidades interpersonales para construir paz.<\/li>\n<li aria-level=\"1\">Las condiciones del hospedaje ser\u00e1n sencillas y con poca privacidad. Las personas participantes compartir\u00e1n habitaciones. El acceso a internet puede ser algo limitado.<\/li>\n<li aria-level=\"1\">Las instalaciones de cocina cuentan con equipamiento b\u00e1sico para preparar comidas sencillas juntes. La rotaci\u00f3n, de roles y las tareas de limpieza, ser\u00e1 parte de la rutina diaria.<\/li>\n<li aria-level=\"1\">Dispondr\u00e1n de un tiempo libre que podr\u00e1s disfrutar solo u organizando una actividad en grupo.<\/li>\n<\/ul>\n\t\t\t\t\t\t\t\t<\/div>\n\t\t\t\t<\/div>\n\t\t\t\t\t<\/div>\n\t\t<\/div>\n\t\t\t\t\t<\/div>\n\t\t<\/section>\n\t\t\t\t\t<\/div>\n\t\t<\/div>\n\t\t\t\t\t<\/div>\n\t\t<\/section>\n\t\t\t\t<section class=\"elementor-section elementor-top-section elementor-element elementor-element-9773405 elementor-section-boxed elementor-section-height-default elementor-section-height-default\" data-id=\"9773405\" data-element_type=\"section\" data-e-type=\"section\">\n\t\t\t\t\t\t<div class=\"elementor-container elementor-column-gap-default\">\n\t\t\t\t\t<div class=\"elementor-column elementor-col-100 elementor-top-column elementor-element elementor-element-7eedc06\" data-id=\"7eedc06\" data-element_type=\"column\" data-e-type=\"column\">\n\t\t\t<div class=\"elementor-widget-wrap elementor-element-populated\">\n\t\t\t\t\t\t<section class=\"elementor-section elementor-inner-section elementor-element elementor-element-95a5026 elementor-reverse-mobile elementor-section-boxed elementor-section-height-default elementor-section-height-default\" data-id=\"95a5026\" data-element_type=\"section\" data-e-type=\"section\">\n\t\t\t\t\t\t<div class=\"elementor-container elementor-column-gap-default\">\n\t\t\t\t\t<div class=\"elementor-column elementor-col-50 elementor-inner-column elementor-element elementor-element-aacd1d9\" data-id=\"aacd1d9\" data-element_type=\"column\" data-e-type=\"column\">\n\t\t\t<div class=\"elementor-widget-wrap elementor-element-populated\">\n\t\t\t\t\t\t<div class=\"elementor-element elementor-element-793cffe elementor-widget elementor-widget-image\" data-id=\"793cffe\" data-element_type=\"widget\" data-e-type=\"widget\" data-widget_type=\"image.default\">\n\t\t\t\t<div class=\"elementor-widget-container\">\n\t\t\t\t\t\t\t\t\t\t\t\t\t\t\t<img loading=\"lazy\" decoding=\"async\" width=\"800\" height=\"800\" src=\"https:\/\/cpt.org\/wp-content\/uploads\/240220-training3-1024x1024.jpg\" class=\"attachment-large size-large wp-image-35158\" alt=\"\" srcset=\"https:\/\/cpt.org\/wp-content\/uploads\/240220-training3-1024x1024.jpg 1024w, https:\/\/cpt.org\/wp-content\/uploads\/240220-training3-300x300.jpg 300w, https:\/\/cpt.org\/wp-content\/uploads\/240220-training3-150x150.jpg 150w, https:\/\/cpt.org\/wp-content\/uploads\/240220-training3-768x768.jpg 768w, https:\/\/cpt.org\/wp-content\/uploads\/240220-training3-1536x1536.jpg 1536w, https:\/\/cpt.org\/wp-content\/uploads\/240220-training3.jpg 2000w\" sizes=\"(max-width: 800px) 100vw, 800px\" \/>\t\t\t\t\t\t\t\t\t\t\t\t\t\t\t<\/div>\n\t\t\t\t<\/div>\n\t\t\t\t\t<\/div>\n\t\t<\/div>\n\t\t\t\t<div class=\"elementor-column elementor-col-50 elementor-inner-column elementor-element elementor-element-b3d2b7b\" data-id=\"b3d2b7b\" data-element_type=\"column\" data-e-type=\"column\">\n\t\t\t<div class=\"elementor-widget-wrap elementor-element-populated\">\n\t\t\t\t\t\t<div class=\"elementor-element elementor-element-3a4e727 elementor-widget elementor-widget-text-editor\" data-id=\"3a4e727\" data-element_type=\"widget\" data-e-type=\"widget\" data-widget_type=\"text-editor.default\">\n\t\t\t\t<div class=\"elementor-widget-container\">\n\t\t\t\t\t\t\t\t\t<p>Para mayor informaci\u00f3n sobre la capacitaci\u00f3n, escribir al correo -e: <a href=\"mailto:training@cpt.org\">training@cpt.org<\/a><\/p>\n\t\t\t\t\t\t\t\t<\/div>\n\t\t\t\t<\/div>\n\t\t\t\t<div class=\"elementor-element elementor-element-28758d2 elementor-widget elementor-widget-heading\" data-id=\"28758d2\" data-element_type=\"widget\" data-e-type=\"widget\" data-widget_type=\"heading.default\">\n\t\t\t\t<div class=\"elementor-widget-container\">\n\t\t\t\t\t<h2 class=\"elementor-heading-title elementor-size-default\">Aceptamos solicitudes de nuevos miembros de manera continua. <\/h2>\t\t\t\t<\/div>\n\t\t\t\t<\/div>\n\t\t\t\t<div class=\"elementor-element elementor-element-b0de035 elementor-align-center elementor-widget elementor-widget-button\" data-id=\"b0de035\" data-element_type=\"widget\" data-e-type=\"widget\" data-widget_type=\"button.default\">\n\t\t\t\t<div class=\"elementor-widget-container\">\n\t\t\t\t\t\t\t\t\t<div class=\"elementor-button-wrapper\">\n\t\t\t\t\t<a class=\"elementor-button elementor-button-link elementor-size-md\" href=\"https:\/\/cpt.org\/documents\/Solicitud-Ingreso-ECAP.pdf\">\n\t\t\t\t\t\t<span class=\"elementor-button-content-wrapper\">\n\t\t\t\t\t\t\t\t\t<span class=\"elementor-button-text\">Aplicar Ahora<\/span>\n\t\t\t\t\t<\/span>\n\t\t\t\t\t<\/a>\n\t\t\t\t<\/div>\n\t\t\t\t\t\t\t\t<\/div>\n\t\t\t\t<\/div>\n\t\t\t\t\t<\/div>\n\t\t<\/div>\n\t\t\t\t\t<\/div>\n\t\t<\/section>\n\t\t\t\t\t<\/div>\n\t\t<\/div>\n\t\t\t\t\t<\/div>\n\t\t<\/section>\n\t\t\t\t<\/div>\n\t\t","protected":false},"excerpt":{"rendered":"<p>Entrena con nosotros. \u00danase a los Equipos y Comunidades de Acci\u00f3n por la Paz. Aceptamos solicitudes de nuevos miembros de manera continua. Fechas de capacitaci\u00f3n: Los pr\u00f3ximos cursos en l\u00ednea y presenciales se anunciar\u00e1n pronto. Aplicar Ahora \u00a1\u00danete a nosotres en una jornada transformadora! Si te apasiona hacer una diferencia, esta es tu oportunidad de [&hellip;]<\/p>\n","protected":false},"author":6,"featured_media":25061,"parent":0,"menu_order":0,"comment_status":"closed","ping_status":"closed","template":"","meta":{"footnotes":""},"class_list":["post-35189","page","type-page","status-publish","has-post-thumbnail","hentry"],"yoast_head":"<!-- This site is optimized with the Yoast SEO Premium plugin v27.5 (Yoast SEO v27.5) - https:\/\/yoast.com\/product\/yoast-seo-premium-wordpress\/ -->\n<title>Formaci\u00f3n ECAP 2024 | Equipos y Comunidades de Acci\u00f3n por la Paz<\/title>\n<meta name=\"description\" content=\"Si te apasiona hacer una diferencia, esta es tu oportunidad de ser parte de algo significativo.\" \/>\n<meta name=\"robots\" content=\"index, follow, max-snippet:-1, max-image-preview:large, max-video-preview:-1\" \/>\n<link rel=\"canonical\" href=\"https:\/\/cpt.org\/es\/formacion-ecap\" \/>\n<meta property=\"og:locale\" content=\"es_ES\" \/>\n<meta property=\"og:type\" content=\"article\" \/>\n<meta property=\"og:title\" content=\"Formaci\u00f3n ECAP 2024\" \/>\n<meta property=\"og:description\" content=\"Si te apasiona hacer una diferencia, esta es tu oportunidad de ser parte de algo significativo.\" \/>\n<meta property=\"og:url\" content=\"https:\/\/cpt.org\/es\/formacion-ecap\" \/>\n<meta property=\"og:site_name\" content=\"Equipos y Comunidades de Acci\u00f3n por la Paz\" \/>\n<meta property=\"article:publisher\" content=\"https:\/\/www.facebook.com\/cpters\" \/>\n<meta property=\"article:modified_time\" content=\"2024-08-27T07:04:31+00:00\" \/>\n<meta property=\"og:image\" content=\"https:\/\/cpt.org\/wp-content\/uploads\/220111-training.1.jpg\" \/>\n\t<meta property=\"og:image:width\" content=\"2000\" \/>\n\t<meta property=\"og:image:height\" content=\"1600\" \/>\n\t<meta property=\"og:image:type\" content=\"image\/jpeg\" \/>\n<meta name=\"twitter:card\" content=\"summary_large_image\" \/>\n<meta name=\"twitter:title\" content=\"Formaci\u00f3n ECAP 2024\" \/>\n<meta name=\"twitter:description\" content=\"Si te apasiona hacer una diferencia, esta es tu oportunidad de ser parte de algo significativo.\" \/>\n<meta name=\"twitter:site\" content=\"@cpt_intl\" \/>\n<meta name=\"twitter:label1\" content=\"Tiempo de lectura\" \/>\n\t<meta name=\"twitter:data1\" content=\"6 minutos\" \/>\n<script type=\"application\/ld+json\" class=\"yoast-schema-graph\">{\"@context\":\"https:\\\/\\\/schema.org\",\"@graph\":[{\"@type\":\"WebPage\",\"@id\":\"https:\\\/\\\/cpt.org\\\/es\\\/formacion-ecap\",\"url\":\"https:\\\/\\\/cpt.org\\\/es\\\/formacion-ecap\",\"name\":\"Formaci\u00f3n ECAP 2024 | Equipos y Comunidades de Acci\u00f3n por la Paz\",\"isPartOf\":{\"@id\":\"https:\\\/\\\/cpt.org\\\/es#website\"},\"primaryImageOfPage\":{\"@id\":\"https:\\\/\\\/cpt.org\\\/es\\\/formacion-ecap#primaryimage\"},\"image\":{\"@id\":\"https:\\\/\\\/cpt.org\\\/es\\\/formacion-ecap#primaryimage\"},\"thumbnailUrl\":\"https:\\\/\\\/cpt.org\\\/wp-content\\\/uploads\\\/220111-training.1.jpg\",\"datePublished\":\"2024-02-20T12:11:10+00:00\",\"dateModified\":\"2024-08-27T07:04:31+00:00\",\"description\":\"Si te apasiona hacer una diferencia, esta es tu oportunidad de ser parte de algo significativo.\",\"breadcrumb\":{\"@id\":\"https:\\\/\\\/cpt.org\\\/es\\\/formacion-ecap#breadcrumb\"},\"inLanguage\":\"es\",\"potentialAction\":[{\"@type\":\"ReadAction\",\"target\":[\"https:\\\/\\\/cpt.org\\\/es\\\/formacion-ecap\"]}]},{\"@type\":\"ImageObject\",\"inLanguage\":\"es\",\"@id\":\"https:\\\/\\\/cpt.org\\\/es\\\/formacion-ecap#primaryimage\",\"url\":\"https:\\\/\\\/cpt.org\\\/wp-content\\\/uploads\\\/220111-training.1.jpg\",\"contentUrl\":\"https:\\\/\\\/cpt.org\\\/wp-content\\\/uploads\\\/220111-training.1.jpg\",\"width\":2000,\"height\":1600},{\"@type\":\"BreadcrumbList\",\"@id\":\"https:\\\/\\\/cpt.org\\\/es\\\/formacion-ecap#breadcrumb\",\"itemListElement\":[{\"@type\":\"ListItem\",\"position\":1,\"name\":\"Home\",\"item\":\"https:\\\/\\\/cpt.org\\\/es\"},{\"@type\":\"ListItem\",\"position\":2,\"name\":\"Formaci\u00f3n ECAP\"}]},{\"@type\":\"WebSite\",\"@id\":\"https:\\\/\\\/cpt.org\\\/es#website\",\"url\":\"https:\\\/\\\/cpt.org\\\/es\",\"name\":\"Equipos y Comunidades de Acci\u00f3n por la Paz\",\"description\":\"Building partnerships to transform violence and oppression\",\"publisher\":{\"@id\":\"https:\\\/\\\/cpt.org\\\/es#organization\"},\"potentialAction\":[{\"@type\":\"SearchAction\",\"target\":{\"@type\":\"EntryPoint\",\"urlTemplate\":\"https:\\\/\\\/cpt.org\\\/es?s={search_term_string}\"},\"query-input\":{\"@type\":\"PropertyValueSpecification\",\"valueRequired\":true,\"valueName\":\"search_term_string\"}}],\"inLanguage\":\"es\"},{\"@type\":\"Organization\",\"@id\":\"https:\\\/\\\/cpt.org\\\/es#organization\",\"name\":\"Equipos y Comunidades de Acci\u00f3n por la Paz\",\"url\":\"https:\\\/\\\/cpt.org\\\/es\",\"logo\":{\"@type\":\"ImageObject\",\"inLanguage\":\"es\",\"@id\":\"https:\\\/\\\/cpt.org\\\/es#\\\/schema\\\/logo\\\/image\\\/\",\"url\":\"https:\\\/\\\/cpt.org\\\/wp-content\\\/uploads\\\/logoCPT-red-2.png\",\"contentUrl\":\"https:\\\/\\\/cpt.org\\\/wp-content\\\/uploads\\\/logoCPT-red-2.png\",\"width\":1730,\"height\":840,\"caption\":\"Equipos y Comunidades de Acci\u00f3n por la Paz\"},\"image\":{\"@id\":\"https:\\\/\\\/cpt.org\\\/es#\\\/schema\\\/logo\\\/image\\\/\"},\"sameAs\":[\"https:\\\/\\\/www.facebook.com\\\/cpters\",\"https:\\\/\\\/x.com\\\/cpt_intl\",\"https:\\\/\\\/www.instagram.com\\\/cpteams\\\/\",\"https:\\\/\\\/www.youtube.com\\\/user\\\/cptvideos\"]}]}<\/script>\n<!-- \/ Yoast SEO Premium plugin. -->","yoast_head_json":{"title":"Formaci\u00f3n ECAP 2024 | Equipos y Comunidades de Acci\u00f3n por la Paz","description":"Si te apasiona hacer una diferencia, esta es tu oportunidad de ser parte de algo significativo.","robots":{"index":"index","follow":"follow","max-snippet":"max-snippet:-1","max-image-preview":"max-image-preview:large","max-video-preview":"max-video-preview:-1"},"canonical":"https:\/\/cpt.org\/es\/formacion-ecap","og_locale":"es_ES","og_type":"article","og_title":"Formaci\u00f3n ECAP 2024","og_description":"Si te apasiona hacer una diferencia, esta es tu oportunidad de ser parte de algo significativo.","og_url":"https:\/\/cpt.org\/es\/formacion-ecap","og_site_name":"Equipos y Comunidades de Acci\u00f3n por la Paz","article_publisher":"https:\/\/www.facebook.com\/cpters","article_modified_time":"2024-08-27T07:04:31+00:00","og_image":[{"width":2000,"height":1600,"url":"https:\/\/cpt.org\/wp-content\/uploads\/220111-training.1.jpg","type":"image\/jpeg"}],"twitter_card":"summary_large_image","twitter_title":"Formaci\u00f3n ECAP 2024","twitter_description":"Si te apasiona hacer una diferencia, esta es tu oportunidad de ser parte de algo significativo.","twitter_site":"@cpt_intl","twitter_misc":{"Tiempo de lectura":"6 minutos"},"schema":{"@context":"https:\/\/schema.org","@graph":[{"@type":"WebPage","@id":"https:\/\/cpt.org\/es\/formacion-ecap","url":"https:\/\/cpt.org\/es\/formacion-ecap","name":"Formaci\u00f3n ECAP 2024 | Equipos y Comunidades de Acci\u00f3n por la Paz","isPartOf":{"@id":"https:\/\/cpt.org\/es#website"},"primaryImageOfPage":{"@id":"https:\/\/cpt.org\/es\/formacion-ecap#primaryimage"},"image":{"@id":"https:\/\/cpt.org\/es\/formacion-ecap#primaryimage"},"thumbnailUrl":"https:\/\/cpt.org\/wp-content\/uploads\/220111-training.1.jpg","datePublished":"2024-02-20T12:11:10+00:00","dateModified":"2024-08-27T07:04:31+00:00","description":"Si te apasiona hacer una diferencia, esta es tu oportunidad de ser parte de algo significativo.","breadcrumb":{"@id":"https:\/\/cpt.org\/es\/formacion-ecap#breadcrumb"},"inLanguage":"es","potentialAction":[{"@type":"ReadAction","target":["https:\/\/cpt.org\/es\/formacion-ecap"]}]},{"@type":"ImageObject","inLanguage":"es","@id":"https:\/\/cpt.org\/es\/formacion-ecap#primaryimage","url":"https:\/\/cpt.org\/wp-content\/uploads\/220111-training.1.jpg","contentUrl":"https:\/\/cpt.org\/wp-content\/uploads\/220111-training.1.jpg","width":2000,"height":1600},{"@type":"BreadcrumbList","@id":"https:\/\/cpt.org\/es\/formacion-ecap#breadcrumb","itemListElement":[{"@type":"ListItem","position":1,"name":"Home","item":"https:\/\/cpt.org\/es"},{"@type":"ListItem","position":2,"name":"Formaci\u00f3n ECAP"}]},{"@type":"WebSite","@id":"https:\/\/cpt.org\/es#website","url":"https:\/\/cpt.org\/es","name":"Equipos y Comunidades de Acci\u00f3n por la Paz","description":"Building partnerships to transform violence and oppression","publisher":{"@id":"https:\/\/cpt.org\/es#organization"},"potentialAction":[{"@type":"SearchAction","target":{"@type":"EntryPoint","urlTemplate":"https:\/\/cpt.org\/es?s={search_term_string}"},"query-input":{"@type":"PropertyValueSpecification","valueRequired":true,"valueName":"search_term_string"}}],"inLanguage":"es"},{"@type":"Organization","@id":"https:\/\/cpt.org\/es#organization","name":"Equipos y Comunidades de Acci\u00f3n por la Paz","url":"https:\/\/cpt.org\/es","logo":{"@type":"ImageObject","inLanguage":"es","@id":"https:\/\/cpt.org\/es#\/schema\/logo\/image\/","url":"https:\/\/cpt.org\/wp-content\/uploads\/logoCPT-red-2.png","contentUrl":"https:\/\/cpt.org\/wp-content\/uploads\/logoCPT-red-2.png","width":1730,"height":840,"caption":"Equipos y Comunidades de Acci\u00f3n por la Paz"},"image":{"@id":"https:\/\/cpt.org\/es#\/schema\/logo\/image\/"},"sameAs":["https:\/\/www.facebook.com\/cpters","https:\/\/x.com\/cpt_intl","https:\/\/www.instagram.com\/cpteams\/","https:\/\/www.youtube.com\/user\/cptvideos"]}]}},"_links":{"self":[{"href":"https:\/\/cpt.org\/es\/wp-json\/wp\/v2\/pages\/35189","targetHints":{"allow":["GET"]}}],"collection":[{"href":"https:\/\/cpt.org\/es\/wp-json\/wp\/v2\/pages"}],"about":[{"href":"https:\/\/cpt.org\/es\/wp-json\/wp\/v2\/types\/page"}],"author":[{"embeddable":true,"href":"https:\/\/cpt.org\/es\/wp-json\/wp\/v2\/users\/6"}],"replies":[{"embeddable":true,"href":"https:\/\/cpt.org\/es\/wp-json\/wp\/v2\/comments?post=35189"}],"version-history":[{"count":20,"href":"https:\/\/cpt.org\/es\/wp-json\/wp\/v2\/pages\/35189\/revisions"}],"predecessor-version":[{"id":36968,"href":"https:\/\/cpt.org\/es\/wp-json\/wp\/v2\/pages\/35189\/revisions\/36968"}],"wp:featuredmedia":[{"embeddable":true,"href":"https:\/\/cpt.org\/es\/wp-json\/wp\/v2\/media\/25061"}],"wp:attachment":[{"href":"https:\/\/cpt.org\/es\/wp-json\/wp\/v2\/media?parent=35189"}],"curies":[{"name":"wp","href":"https:\/\/api.w.org\/{rel}","templated":true}]}}